{"id":11,"date":"2024-12-19T20:33:10","date_gmt":"2024-12-19T19:33:10","guid":{"rendered":"http:\/\/test.micartaenlaweb.com\/?page_id=11"},"modified":"2025-07-26T13:03:20","modified_gmt":"2025-07-26T11:03:20","slug":"inicio","status":"publish","type":"page","link":"https:\/\/bulcan.bike\/en\/","title":{"rendered":"Inicio"},"content":{"rendered":"<p>[et_pb_section fb_built=\u00bb1&#8243; next_background_color=\u00bb#ffffff\u00bb _builder_version=\u00bb4.27.4&#8243; _module_preset=\u00bbdefault\u00bb background_color=\u00bb#e5e8ec\u00bb use_background_color_gradient=\u00bbon\u00bb background_color_gradient_stops=\u00bb#ffffff 0%|rgba(41,196,169,0) 50%\u00bb background_color_gradient_overlays_image=\u00bbon\u00bb background_image=\u00bbhttps:\/\/bulcan.bike\/wp-content\/uploads\/2025\/03\/ebike-bosch-conectada-a-garmin.webp\u00bb custom_padding=\u00bb||40px|||\u00bb bottom_divider_style=\u00bbcurve2&#8243; bottom_divider_height_tablet=\u00bb\u00bb bottom_divider_height_phone=\u00bb45px\u00bb bottom_divider_height_last_edited=\u00bbon|phone\u00bb background_last_edited=\u00bbon|phone\u00bb background_image_phone=\u00bbhttps:\/\/bulcan.bike\/wp-content\/uploads\/2025\/03\/ebike-bosch-conectada-a-garmin-mobile.webp\u00bb background_enable_image_phone=\u00bbon\u00bb global_colors_info=\u00bb{}\u00bb][et_pb_row _builder_version=\u00bb4.27.4&#8243; _module_preset=\u00bbdefault\u00bb module_alignment=\u00bbcenter\u00bb custom_margin=\u00bb|auto|0px|auto|false|false\u00bb global_colors_info=\u00bb{}\u00bb][et_pb_column type=\u00bb4_4&#8243; _builder_version=\u00bb4.27.4&#8243; _module_preset=\u00bbdefault\u00bb global_colors_info=\u00bb{}\u00bb][et_pb_text _builder_version=\u00bb4.27.4&#8243; _module_preset=\u00bbdefault\u00bb header_font=\u00bbPoppins|700|||||||\u00bb header_text_color=\u00bb#000000&#8243; header_font_size=\u00bb52px\u00bb header_line_height=\u00bb1.1em\u00bb width=\u00bb50%\u00bb width_tablet=\u00bb100%\u00bb width_phone=\u00bb100%\u00bb width_last_edited=\u00bbon|phone\u00bb module_alignment=\u00bbcenter\u00bb header_font_size_tablet=\u00bb52px\u00bb header_font_size_phone=\u00bb42px\u00bb header_font_size_last_edited=\u00bbon|phone\u00bb header_text_shadow_style=\u00bbpreset3&#8243; header_text_shadow_color=\u00bb#FFFFFF\u00bb border_width_all=\u00bb0px\u00bb global_colors_info=\u00bb{}\u00bb]<\/p>\n<h1 style=\"text-align: center;\">Conecta tu motor Bosch a tu GPS favorito f\u00e1cilmente<\/h1>\n<p>[\/et_pb_text][et_pb_text _builder_version=\u00bb4.27.4&#8243; _module_preset=\u00bbdefault\u00bb text_font=\u00bbPoppins||||||||\u00bb text_text_color=\u00bb#FFFFFF\u00bb text_font_size=\u00bb20px\u00bb text_line_height=\u00bb1.3em\u00bb width=\u00bb50%\u00bb width_tablet=\u00bb100%\u00bb width_phone=\u00bb100%\u00bb width_last_edited=\u00bbon|phone\u00bb module_alignment=\u00bbcenter\u00bb global_colors_info=\u00bb{}\u00bb]<\/p>\n<p style=\"text-align: center;\">Bulcan env\u00eda los datos de tu bicicleta el\u00e9ctrica directamente a tu ciclocomputador, GPS o Smartwatch.<\/p>\n<p>[\/et_pb_text][et_pb_button button_url=\u00bb\/tienda\/\u00bb button_text=\u00bb\u00a1Comprar Ahora!\u00bb button_alignment=\u00bbcenter\u00bb _builder_version=\u00bb4.27.4&#8243; _module_preset=\u00bbdefault\u00bb custom_button=\u00bbon\u00bb button_bg_color=\u00bb#6dc82b\u00bb button_border_width=\u00bb2px\u00bb button_border_color=\u00bb#6dc82b\u00bb button_border_radius=\u00bb19px\u00bb custom_padding=\u00bb|||15px|false|false\u00bb global_colors_info=\u00bb{}\u00bb button_bg_color__hover_enabled=\u00bbon|hover\u00bb button_bg_color__hover=\u00bbRGBA(255,255,255,0)\u00bb button_bg_enable_color__hover=\u00bbon\u00bb button_border_color__hover_enabled=\u00bbon|hover\u00bb button_border_color__hover=\u00bb#FFFFFF\u00bb][\/et_pb_button][\/et_pb_column][\/et_pb_row][et_pb_row custom_padding_last_edited=\u00bbon|phone\u00bb _builder_version=\u00bb4.27.4&#8243; _module_preset=\u00bbdefault\u00bb width_tablet=\u00bb\u00bb width_phone=\u00bb100%\u00bb width_last_edited=\u00bbon|phone\u00bb custom_margin_tablet=\u00bb\u00bb custom_margin_phone=\u00bb||0px||false|false\u00bb custom_margin_last_edited=\u00bbon|phone\u00bb custom_padding=\u00bb0px||||false|false\u00bb custom_padding_tablet=\u00bb0px||||false|false\u00bb custom_padding_phone=\u00bb0px||0px||false|false\u00bb global_colors_info=\u00bb{}\u00bb][et_pb_column type=\u00bb4_4&#8243; _builder_version=\u00bb4.27.4&#8243; _module_preset=\u00bbdefault\u00bb global_colors_info=\u00bb{}\u00bb][et_pb_text _builder_version=\u00bb4.27.4&#8243; _module_preset=\u00bbdefault\u00bb width=\u00bb50%\u00bb module_alignment=\u00bbcenter\u00bb custom_margin=\u00bb||||false|false\u00bb custom_margin_tablet=\u00bb||||false|false\u00bb custom_margin_phone=\u00bb-50px||||false|false\u00bb custom_margin_last_edited=\u00bbon|phone\u00bb global_colors_info=\u00bb{}\u00bb]<\/p>\n\t<div class=\"wrap_svl_center\">\r\n\t<div class=\"wrap_svl_center_box\">\r\n\t<div class=\"wrap_svl\" id=\"body_drag_84\">\r\n\t\t<div class=\"images_wrap\">\r\n                            <img decoding=\"async\" src=\"https:\/\/bulcan.bike\/wp-content\/uploads\/2025\/03\/ebike-bulkan-v3.webp\" alt=\"\">\r\n            \t\t<\/div>\t\r\n\t\t \t\t \t\t <div class=\"drag_element tips \" style=\"top:23.45%;left:20.26%;\" >\r\n\t\t \t<div class=\"point_style  ihotspot_tooltop_html\" data-placement=\"n\" data-html=\"\t\t \t\t\t                  &lt;div class=&quot;box_view_html&quot;&gt;\r\n\t\t\t\t\t&lt;span class=&quot;close_ihp&quot;&gt;\r\n\t\t\t\t\t\t&lt;svg version=&quot;1.1&quot; xmlns=&quot;http:\/\/www.w3.org\/2000\/svg&quot; xmlns:xlink=&quot;http:\/\/www.w3.org\/1999\/xlink&quot; x=&quot;0px&quot; y=&quot;0px&quot; viewBox=&quot;0 0 1000 1000&quot; enable-background=&quot;new 0 0 1000 1000&quot; xml:space=&quot;preserve&quot;&gt;&lt;g&gt;&lt;path d=&quot;M153.7,153.7C57.9,249.5,10,365.3,10,499c0,135.7,47.9,251.5,143.7,347.3l0,0C249.5,942.1,363.3,990,499,990c135.7,0,251.5-47.9,347.3-143.7C942.1,750.5,990,634.7,990,499c0-135.7-47.9-249.5-143.7-345.3l0,0C750.5,57.9,634.7,10,499,10C365.3,10,249.5,57.9,153.7,153.7z M209.6,211.6l2-2C289.4,129.7,387.2,89.8,499,89.8c113.8,0,209.6,39.9,291.4,121.8c79.8,77.8,119.8,175.6,119.8,287.4c0,113.8-39.9,209.6-119.8,291.4C708.6,870.3,612.8,910.2,499,910.2c-111.8,0-209.6-39.9-287.4-119.8C129.8,708.6,89.8,612.8,89.8,499C89.8,387.2,129.8,289.4,209.6,211.6z&quot;\/&gt;&lt;path d=&quot;M293.4,331.3c0,12,4,22,12,29.9L443.1,497L305.4,632.7c-8,8-12,18-12,29.9c0,10,4,18,12,26c8,8,18,12,28,12c12,0,20-4,27.9-10L499,552.9l135.7,137.7c8,6,16,10,28,10c12,0,21.9-4,27.9-10c8-8,12-18,12-28c0-12-4-21.9-12-29.9L554.9,497l135.7-135.7c8-8,12-18,12-27.9c0-12-4-22-12-29.9c-6-8-16-12-25.9-12c-12,0-21.9,4-29.9,12L499,441.1L363.3,303.4c-8-8-18-12-29.9-12c-10,0-20,4-28,12C297.4,311.4,293.4,321.4,293.4,331.3z&quot;\/&gt;&lt;\/g&gt;&lt;\/svg&gt;&lt;\/span&gt;\r\n\t\t\t\t\t\t&lt;p&gt;Conector al display de la ebike&lt;\/p&gt;\n\t\t\t\t\t&lt;\/div&gt;\r\n\t\t\t \t\t \t\t \">\r\n\t\t \t\t\t\t\t \t\t\t\t\t \t\t\t<div class=\"pins_animation ihotspot_pulse\" style=\"top:-16px;left:-16px;height:32px;width:32px\"><\/div>\r\n\t\t\t \t\t\t\t\t \t\t<img decoding=\"async\" src=\"https:\/\/bulcan.bike\/wp-content\/uploads\/2025\/01\/mas.png\" class=\"pins_image ihotspot_hastooltop\" style=\"top:-16px;left:-16px\" alt=\"\">\r\n\t\t\t \t\t\t\t \t\t\t\t \t<\/div>\r\n\t\t <\/div>\r\n\t\t \t\t <div class=\"drag_element tips \" style=\"top:78.78%;left:12.83%;\" >\r\n\t\t \t<div class=\"point_style  ihotspot_tooltop_html\" data-placement=\"n\" data-html=\"\t\t \t\t\t                  &lt;div class=&quot;box_view_html&quot;&gt;\r\n\t\t\t\t\t&lt;span class=&quot;close_ihp&quot;&gt;\r\n\t\t\t\t\t\t&lt;svg version=&quot;1.1&quot; xmlns=&quot;http:\/\/www.w3.org\/2000\/svg&quot; xmlns:xlink=&quot;http:\/\/www.w3.org\/1999\/xlink&quot; x=&quot;0px&quot; y=&quot;0px&quot; viewBox=&quot;0 0 1000 1000&quot; enable-background=&quot;new 0 0 1000 1000&quot; xml:space=&quot;preserve&quot;&gt;&lt;g&gt;&lt;path d=&quot;M153.7,153.7C57.9,249.5,10,365.3,10,499c0,135.7,47.9,251.5,143.7,347.3l0,0C249.5,942.1,363.3,990,499,990c135.7,0,251.5-47.9,347.3-143.7C942.1,750.5,990,634.7,990,499c0-135.7-47.9-249.5-143.7-345.3l0,0C750.5,57.9,634.7,10,499,10C365.3,10,249.5,57.9,153.7,153.7z M209.6,211.6l2-2C289.4,129.7,387.2,89.8,499,89.8c113.8,0,209.6,39.9,291.4,121.8c79.8,77.8,119.8,175.6,119.8,287.4c0,113.8-39.9,209.6-119.8,291.4C708.6,870.3,612.8,910.2,499,910.2c-111.8,0-209.6-39.9-287.4-119.8C129.8,708.6,89.8,612.8,89.8,499C89.8,387.2,129.8,289.4,209.6,211.6z&quot;\/&gt;&lt;path d=&quot;M293.4,331.3c0,12,4,22,12,29.9L443.1,497L305.4,632.7c-8,8-12,18-12,29.9c0,10,4,18,12,26c8,8,18,12,28,12c12,0,20-4,27.9-10L499,552.9l135.7,137.7c8,6,16,10,28,10c12,0,21.9-4,27.9-10c8-8,12-18,12-28c0-12-4-21.9-12-29.9L554.9,497l135.7-135.7c8-8,12-18,12-27.9c0-12-4-22-12-29.9c-6-8-16-12-25.9-12c-12,0-21.9,4-29.9,12L499,441.1L363.3,303.4c-8-8-18-12-29.9-12c-10,0-20,4-28,12C297.4,311.4,293.4,321.4,293.4,331.3z&quot;\/&gt;&lt;\/g&gt;&lt;\/svg&gt;&lt;\/span&gt;\r\n\t\t\t\t\t\t&lt;p&gt;Conector directo al motor&lt;\/p&gt;\n\t\t\t\t\t&lt;\/div&gt;\r\n\t\t\t \t\t \t\t \">\r\n\t\t \t\t\t\t\t \t\t\t\t\t \t\t\t<div class=\"pins_animation ihotspot_pulse\" style=\"top:-16px;left:-16px;height:32px;width:32px\"><\/div>\r\n\t\t\t \t\t\t\t\t \t\t<img decoding=\"async\" src=\"https:\/\/bulcan.bike\/wp-content\/uploads\/2025\/01\/mas.png\" class=\"pins_image ihotspot_hastooltop\" style=\"top:-16px;left:-16px\" alt=\"\">\r\n\t\t\t \t\t\t\t \t\t\t\t \t<\/div>\r\n\t\t <\/div>\r\n\t\t \t\t <div class=\"drag_element tips \" style=\"top:30.58%;left:72.36%;\" >\r\n\t\t \t<div class=\"point_style  ihotspot_tooltop_html\" data-placement=\"n\" data-html=\"\t\t \t\t\t                  &lt;div class=&quot;box_view_html&quot;&gt;\r\n\t\t\t\t\t&lt;span class=&quot;close_ihp&quot;&gt;\r\n\t\t\t\t\t\t&lt;svg version=&quot;1.1&quot; xmlns=&quot;http:\/\/www.w3.org\/2000\/svg&quot; xmlns:xlink=&quot;http:\/\/www.w3.org\/1999\/xlink&quot; x=&quot;0px&quot; y=&quot;0px&quot; viewBox=&quot;0 0 1000 1000&quot; enable-background=&quot;new 0 0 1000 1000&quot; xml:space=&quot;preserve&quot;&gt;&lt;g&gt;&lt;path d=&quot;M153.7,153.7C57.9,249.5,10,365.3,10,499c0,135.7,47.9,251.5,143.7,347.3l0,0C249.5,942.1,363.3,990,499,990c135.7,0,251.5-47.9,347.3-143.7C942.1,750.5,990,634.7,990,499c0-135.7-47.9-249.5-143.7-345.3l0,0C750.5,57.9,634.7,10,499,10C365.3,10,249.5,57.9,153.7,153.7z M209.6,211.6l2-2C289.4,129.7,387.2,89.8,499,89.8c113.8,0,209.6,39.9,291.4,121.8c79.8,77.8,119.8,175.6,119.8,287.4c0,113.8-39.9,209.6-119.8,291.4C708.6,870.3,612.8,910.2,499,910.2c-111.8,0-209.6-39.9-287.4-119.8C129.8,708.6,89.8,612.8,89.8,499C89.8,387.2,129.8,289.4,209.6,211.6z&quot;\/&gt;&lt;path d=&quot;M293.4,331.3c0,12,4,22,12,29.9L443.1,497L305.4,632.7c-8,8-12,18-12,29.9c0,10,4,18,12,26c8,8,18,12,28,12c12,0,20-4,27.9-10L499,552.9l135.7,137.7c8,6,16,10,28,10c12,0,21.9-4,27.9-10c8-8,12-18,12-28c0-12-4-21.9-12-29.9L554.9,497l135.7-135.7c8-8,12-18,12-27.9c0-12-4-22-12-29.9c-6-8-16-12-25.9-12c-12,0-21.9,4-29.9,12L499,441.1L363.3,303.4c-8-8-18-12-29.9-12c-10,0-20,4-28,12C297.4,311.4,293.4,321.4,293.4,331.3z&quot;\/&gt;&lt;\/g&gt;&lt;\/svg&gt;&lt;\/span&gt;\r\n\t\t\t\t\t\t&lt;p&gt;Hardware Bulcan&lt;\/p&gt;\n\t\t\t\t\t&lt;\/div&gt;\r\n\t\t\t \t\t \t\t \">\r\n\t\t \t\t\t\t\t \t\t\t\t\t \t\t\t<div class=\"pins_animation ihotspot_pulse\" style=\"top:-16px;left:-16px;height:32px;width:32px\"><\/div>\r\n\t\t\t \t\t\t\t\t \t\t<img decoding=\"async\" src=\"https:\/\/bulcan.bike\/wp-content\/uploads\/2025\/01\/mas.png\" class=\"pins_image ihotspot_hastooltop\" style=\"top:-16px;left:-16px\" alt=\"\">\r\n\t\t\t \t\t\t\t \t\t\t\t \t<\/div>\r\n\t\t <\/div>\r\n\t\t \t\t \r\n\t\t  \t\t \t\r\n\t <\/div>\r\n\t <\/div>\r\n\t <\/div>\r\n\t\n<p>[\/et_pb_text][\/et_pb_column][\/et_pb_row][\/et_pb_section][et_pb_section fb_built=\u00bb1&#8243; _builder_version=\u00bb4.27.4&#8243; _module_preset=\u00bbdefault\u00bb global_colors_info=\u00bb{}\u00bb][et_pb_row _builder_version=\u00bb4.27.4&#8243; _module_preset=\u00bbdefault\u00bb global_colors_info=\u00bb{}\u00bb][et_pb_column type=\u00bb4_4&#8243; _builder_version=\u00bb4.27.4&#8243; _module_preset=\u00bbdefault\u00bb global_colors_info=\u00bb{}\u00bb][et_pb_text _builder_version=\u00bb4.27.4&#8243; _module_preset=\u00bbdefault\u00bb header_2_font=\u00bbPoppins|700|||||||\u00bb header_2_text_align=\u00bbcenter\u00bb header_2_text_color=\u00bb#374048&#8243; header_2_font_size=\u00bb36px\u00bb custom_margin=\u00bb||20px||false|false\u00bb global_colors_info=\u00bb{}\u00bb]<\/p>\n<h2>F\u00e1cil de instalar, incre\u00edble de usar<\/h2>\n<p>[\/et_pb_text][et_pb_text _builder_version=\u00bb4.27.4&#8243; _module_preset=\u00bbdefault\u00bb text_font=\u00bbPoppins||||||||\u00bb text_text_color=\u00bb#4e575f\u00bb text_font_size=\u00bb22px\u00bb header_font=\u00bbPoppins||||||||\u00bb global_colors_info=\u00bb{}\u00bb]<\/p>\n<p style=\"text-align: center;\">En solo tres sencillos pasos, enlaza tu motor Bosch a tu GPS favorito.<\/p>\n<p>[\/et_pb_text][\/et_pb_column][\/et_pb_row][et_pb_row column_structure=\u00bb1_3,1_3,1_3&#8243; _builder_version=\u00bb4.27.4&#8243; _module_preset=\u00bbdefault\u00bb global_colors_info=\u00bb{}\u00bb][et_pb_column type=\u00bb1_3&#8243; _builder_version=\u00bb4.27.4&#8243; _module_preset=\u00bbdefault\u00bb global_colors_info=\u00bb{}\u00bb][et_pb_blurb title=\u00bbCon\u00e9ctalo a tu bicicleta el\u00e9ctrica\u00bb use_icon=\u00bbon\u00bb font_icon=\u00bb&#xe037;||divi||400&#8243; image_icon_width=\u00bb65px\u00bb _builder_version=\u00bb4.27.4&#8243; _module_preset=\u00bbdefault\u00bb header_font=\u00bbPoppins||||||||\u00bb header_text_align=\u00bbcenter\u00bb header_text_color=\u00bb#4e575f\u00bb body_text_color=\u00bb#4e575f\u00bb global_colors_info=\u00bb{}\u00bb]<\/p>\n<p style=\"text-align: center;\">Conecta el dispositivo Bulcan a tu motor Bosch. Plug &amp; Play<\/p>\n<p>[\/et_pb_blurb][\/et_pb_column][et_pb_column type=\u00bb1_3&#8243; _builder_version=\u00bb4.27.4&#8243; _module_preset=\u00bbdefault\u00bb global_colors_info=\u00bb{}\u00bb][et_pb_blurb title=\u00bbSincroniza con tu dispositivo\u00bb use_icon=\u00bbon\u00bb font_icon=\u00bb&#xf3cd;||fa||900&#8243; image_icon_width=\u00bb65px\u00bb _builder_version=\u00bb4.27.4&#8243; _module_preset=\u00bbdefault\u00bb header_font=\u00bbPoppins||||||||\u00bb header_text_align=\u00bbcenter\u00bb header_text_color=\u00bb#4e575f\u00bb body_text_color=\u00bb#4e575f\u00bb global_colors_info=\u00bb{}\u00bb]<\/p>\n<p style=\"text-align: center;\">Sincroniza con tu motor Bosch con el GPS al instante<\/p>\n<p>[\/et_pb_blurb][\/et_pb_column][et_pb_column type=\u00bb1_3&#8243; _builder_version=\u00bb4.27.4&#8243; _module_preset=\u00bbdefault\u00bb global_colors_info=\u00bb{}\u00bb][et_pb_blurb title=\u00bbOptimiza tu experiencia\u00bb use_icon=\u00bbon\u00bb font_icon=\u00bb&#xf21e;||fa||900&#8243; image_icon_width=\u00bb65px\u00bb _builder_version=\u00bb4.27.4&#8243; _module_preset=\u00bbdefault\u00bb header_font=\u00bbPoppins||||||||\u00bb header_text_align=\u00bbcenter\u00bb header_text_color=\u00bb#4e575f\u00bb body_text_color=\u00bb#4e575f\u00bb global_colors_info=\u00bb{}\u00bb]<\/p>\n<p style=\"text-align: center;\">Disfruta en tiempo real de los datos de tu ebike<\/p>\n<p>[\/et_pb_blurb][\/et_pb_column][\/et_pb_row][\/et_pb_section][et_pb_section fb_built=\u00bb1&#8243; _builder_version=\u00bb4.27.4&#8243; _module_preset=\u00bbdefault\u00bb background_color=\u00bb#e5e8ec\u00bb global_colors_info=\u00bb{}\u00bb][et_pb_row _builder_version=\u00bb4.27.4&#8243; _module_preset=\u00bbdefault\u00bb global_colors_info=\u00bb{}\u00bb][et_pb_column type=\u00bb4_4&#8243; _builder_version=\u00bb4.27.4&#8243; _module_preset=\u00bbdefault\u00bb global_colors_info=\u00bb{}\u00bb][et_pb_text _builder_version=\u00bb4.27.4&#8243; _module_preset=\u00bbdefault\u00bb header_2_font=\u00bbPoppins|700|||||||\u00bb header_2_text_align=\u00bbcenter\u00bb header_2_text_color=\u00bb#374048&#8243; header_2_font_size=\u00bb36px\u00bb custom_margin=\u00bb||20px||false|false\u00bb global_colors_info=\u00bb{}\u00bb]<\/p>\n<h2>Compatible con las mejores marcas de dispositivos<\/h2>\n<p>[\/et_pb_text][et_pb_text _builder_version=\u00bb4.27.4&#8243; _module_preset=\u00bbdefault\u00bb text_font=\u00bbPoppins||||||||\u00bb text_text_color=\u00bb#4e575f\u00bb text_font_size=\u00bb22px\u00bb header_font=\u00bbPoppins||||||||\u00bb global_colors_info=\u00bb{}\u00bb]<\/p>\n<p style=\"text-align: center;\">Bulcan se conecta perfectamente a los principales ciclocomputadores y smartwatches del mercado. <\/p>\n<p>[\/et_pb_text][\/et_pb_column][\/et_pb_row][et_pb_row column_structure=\u00bb1_6,1_6,1_6,1_6,1_6,1_6&#8243; _builder_version=\u00bb4.27.4&#8243; _module_preset=\u00bbdefault\u00bb custom_padding=\u00bb||0px||false|false\u00bb global_colors_info=\u00bb{}\u00bb][et_pb_column type=\u00bb1_6&#8243; _builder_version=\u00bb4.27.4&#8243; _module_preset=\u00bbdefault\u00bb global_colors_info=\u00bb{}\u00bb][et_pb_image src=\u00bbhttps:\/\/bulcan.bike\/wp-content\/uploads\/2025\/01\/bulcan-garmiin.png\u00bb title_text=\u00bbbulcan-garmiin\u00bb _builder_version=\u00bb4.27.4&#8243; _module_preset=\u00bbdefault\u00bb width_tablet=\u00bb\u00bb width_phone=\u00bb60%\u00bb width_last_edited=\u00bbon|phone\u00bb module_alignment=\u00bbcenter\u00bb custom_margin=\u00bb0px||0px||false|false\u00bb custom_padding=\u00bb0px||0px||false|false\u00bb global_colors_info=\u00bb{}\u00bb][\/et_pb_image][\/et_pb_column][et_pb_column type=\u00bb1_6&#8243; _builder_version=\u00bb4.27.4&#8243; _module_preset=\u00bbdefault\u00bb global_colors_info=\u00bb{}\u00bb][et_pb_image src=\u00bbhttps:\/\/bulcan.bike\/wp-content\/uploads\/2025\/01\/bulcan-hammer.png\u00bb title_text=\u00bbbulcan-hammer\u00bb _builder_version=\u00bb4.27.4&#8243; _module_preset=\u00bbdefault\u00bb width_tablet=\u00bb\u00bb width_phone=\u00bb60%\u00bb width_last_edited=\u00bbon|phone\u00bb module_alignment=\u00bbcenter\u00bb custom_margin=\u00bb0px||0px||false|false\u00bb custom_padding=\u00bb0px||0px||false|false\u00bb global_colors_info=\u00bb{}\u00bb][\/et_pb_image][\/et_pb_column][et_pb_column type=\u00bb1_6&#8243; _builder_version=\u00bb4.27.4&#8243; _module_preset=\u00bbdefault\u00bb global_colors_info=\u00bb{}\u00bb][et_pb_image src=\u00bbhttps:\/\/bulcan.bike\/wp-content\/uploads\/2025\/01\/bulcan-wahoo.png\u00bb title_text=\u00bbbulcan-wahoo\u00bb _builder_version=\u00bb4.27.4&#8243; _module_preset=\u00bbdefault\u00bb width_tablet=\u00bb\u00bb width_phone=\u00bb60%\u00bb width_last_edited=\u00bbon|phone\u00bb module_alignment=\u00bbcenter\u00bb custom_margin=\u00bb0px||0px||true|false\u00bb custom_padding=\u00bb0px||0px||true|false\u00bb global_colors_info=\u00bb{}\u00bb][\/et_pb_image][\/et_pb_column][et_pb_column type=\u00bb1_6&#8243; _builder_version=\u00bb4.27.4&#8243; _module_preset=\u00bbdefault\u00bb global_colors_info=\u00bb{}\u00bb][et_pb_image src=\u00bbhttps:\/\/bulcan.bike\/wp-content\/uploads\/2025\/01\/bulcan-sigma.png\u00bb title_text=\u00bbbulcan-sigma\u00bb _builder_version=\u00bb4.27.4&#8243; _module_preset=\u00bbdefault\u00bb width_tablet=\u00bb\u00bb width_phone=\u00bb60%\u00bb width_last_edited=\u00bbon|phone\u00bb module_alignment=\u00bbcenter\u00bb global_colors_info=\u00bb{}\u00bb][\/et_pb_image][\/et_pb_column][et_pb_column type=\u00bb1_6&#8243; _builder_version=\u00bb4.27.4&#8243; _module_preset=\u00bbdefault\u00bb global_colors_info=\u00bb{}\u00bb][et_pb_image src=\u00bbhttps:\/\/bulcan.bike\/wp-content\/uploads\/2025\/01\/bulcan-coros.png\u00bb title_text=\u00bbbulcan-coros\u00bb _builder_version=\u00bb4.27.4&#8243; _module_preset=\u00bbdefault\u00bb width_tablet=\u00bb\u00bb width_phone=\u00bb60%\u00bb width_last_edited=\u00bbon|phone\u00bb module_alignment=\u00bbcenter\u00bb global_colors_info=\u00bb{}\u00bb][\/et_pb_image][\/et_pb_column][et_pb_column type=\u00bb1_6&#8243; _builder_version=\u00bb4.27.4&#8243; _module_preset=\u00bbdefault\u00bb global_colors_info=\u00bb{}\u00bb][et_pb_image src=\u00bbhttps:\/\/bulcan.bike\/wp-content\/uploads\/2025\/01\/bulcan-igp.png\u00bb title_text=\u00bbbulcan-igp\u00bb _builder_version=\u00bb4.27.4&#8243; _module_preset=\u00bbdefault\u00bb width_tablet=\u00bb\u00bb width_phone=\u00bb60%\u00bb width_last_edited=\u00bbon|phone\u00bb module_alignment=\u00bbcenter\u00bb global_colors_info=\u00bb{}\u00bb][\/et_pb_image][\/et_pb_column][\/et_pb_row][\/et_pb_section][et_pb_section fb_built=\u00bb1&#8243; fullwidth=\u00bbon\u00bb next_background_color=\u00bb#e5e8ec\u00bb _builder_version=\u00bb4.27.4&#8243; _module_preset=\u00bbdefault\u00bb bottom_divider_style=\u00bbcurve2&#8243; bottom_divider_style_tablet=\u00bbarrow2&#8243; bottom_divider_style_phone=\u00bbcurve2&#8243; bottom_divider_style_last_edited=\u00bbon|phone\u00bb bottom_divider_height_tablet=\u00bb\u00bb bottom_divider_height_phone=\u00bb30px\u00bb bottom_divider_height_last_edited=\u00bbon|phone\u00bb global_colors_info=\u00bb{}\u00bb][et_pb_fullwidth_image src=\u00bbhttps:\/\/bulcan.bike\/wp-content\/uploads\/2025\/06\/pareja-en-bic-con-bulcan.webp\u00bb alt=\u00bbCiclista en eBike con motor Bosch pedaleando por un sendero de monta\u00f1a con conexi\u00f3n a Garmin.\u00bb title_text=\u00bbpareja-en-bic-con-bulcan\u00bb src_tablet=\u00bbhttps:\/\/bulcan.bike\/wp-content\/uploads\/2025\/03\/ebike-bosch-conectada-a-garmin-montana.webp\u00bb src_phone=\u00bbhttps:\/\/bulcan.bike\/wp-content\/uploads\/2025\/06\/pareja-en-bic-con-bulcan.webp\u00bb src_last_edited=\u00bbon|phone\u00bb _builder_version=\u00bb4.27.4&#8243; _module_preset=\u00bbdefault\u00bb global_colors_info=\u00bb{}\u00bb][\/et_pb_fullwidth_image][\/et_pb_section][et_pb_section fb_built=\u00bb1&#8243; _builder_version=\u00bb4.27.4&#8243; _module_preset=\u00bbdefault\u00bb background_color=\u00bb#e5e8ec\u00bb global_colors_info=\u00bb{}\u00bb][et_pb_row _builder_version=\u00bb4.27.4&#8243; _module_preset=\u00bbdefault\u00bb global_colors_info=\u00bb{}\u00bb][et_pb_column type=\u00bb4_4&#8243; _builder_version=\u00bb4.27.4&#8243; _module_preset=\u00bbdefault\u00bb global_colors_info=\u00bb{}\u00bb][et_pb_text _builder_version=\u00bb4.27.4&#8243; _module_preset=\u00bbdefault\u00bb header_2_font=\u00bbPoppins|700|||||||\u00bb header_2_text_align=\u00bbcenter\u00bb header_2_text_color=\u00bb#374048&#8243; header_2_font_size=\u00bb42px\u00bb custom_margin=\u00bb||20px||false|false\u00bb header_2_font_size_tablet=\u00bb42px\u00bb header_2_font_size_phone=\u00bb36px\u00bb header_2_font_size_last_edited=\u00bbon|phone\u00bb global_colors_info=\u00bb{}\u00bb]<\/p>\n<h2>El aliado perfecto para ciclistas el\u00e9ctricos<\/h2>\n<p>[\/et_pb_text][et_pb_text _builder_version=\u00bb4.27.4&#8243; _module_preset=\u00bbdefault\u00bb text_font=\u00bbPoppins||||||||\u00bb text_text_color=\u00bb#4e575f\u00bb text_font_size=\u00bb22px\u00bb header_font=\u00bbPoppins||||||||\u00bb global_colors_info=\u00bb{}\u00bb]<\/p>\n<p style=\"text-align: center;\">Todo lo que necesitas para llevar tus recorridos al siguiente nivel.<\/p>\n<p>[\/et_pb_text][\/et_pb_column][\/et_pb_row][et_pb_row column_structure=\u00bb1_4,1_4,1_4,1_4&#8243; _builder_version=\u00bb4.27.4&#8243; _module_preset=\u00bbdefault\u00bb global_colors_info=\u00bb{}\u00bb][et_pb_column type=\u00bb1_4&#8243; _builder_version=\u00bb4.27.4&#8243; _module_preset=\u00bbdefault\u00bb global_colors_info=\u00bb{}\u00bb][et_pb_blurb title=\u00bbMejorar el rendimiento\u00bb use_icon=\u00bbon\u00bb font_icon=\u00bb&#xf241;||fa||900&#8243; icon_color=\u00bb#6dc82b\u00bb icon_placement=\u00bbleft\u00bb image_icon_width=\u00bb40px\u00bb _builder_version=\u00bb4.27.4&#8243; _module_preset=\u00bbdefault\u00bb header_font=\u00bbPoppins||||||||\u00bb header_text_align=\u00bbleft\u00bb header_text_color=\u00bb#4e575f\u00bb body_text_color=\u00bb#4e575f\u00bb global_colors_info=\u00bb{}\u00bb]<\/p>\n<p style=\"text-align: left;\">Mejora tu rendimiento en ebike con datos precisos<\/p>\n<p>[\/et_pb_blurb][\/et_pb_column][et_pb_column type=\u00bb1_4&#8243; _builder_version=\u00bb4.27.4&#8243; _module_preset=\u00bbdefault\u00bb global_colors_info=\u00bb{}\u00bb][et_pb_blurb title=\u00bbAn\u00e1lisis en tiempo real\u00bb use_icon=\u00bbon\u00bb font_icon=\u00bb&#xf5a0;||fa||900&#8243; icon_color=\u00bb#6dc82b\u00bb icon_placement=\u00bbleft\u00bb image_icon_width=\u00bb40px\u00bb _builder_version=\u00bb4.27.4&#8243; _module_preset=\u00bbdefault\u00bb header_font=\u00bbPoppins||||||||\u00bb header_text_align=\u00bbleft\u00bb header_text_color=\u00bb#4e575f\u00bb body_text_color=\u00bb#4e575f\u00bb global_colors_info=\u00bb{}\u00bb]<\/p>\n<p style=\"text-align: left;\">Combina MAPAS y DATOS en una pantalla<\/p>\n<p>[\/et_pb_blurb][\/et_pb_column][et_pb_column type=\u00bb1_4&#8243; _builder_version=\u00bb4.27.4&#8243; _module_preset=\u00bbdefault\u00bb global_colors_info=\u00bb{}\u00bb][et_pb_blurb title=\u00bbCompatibilidad garantizada\u00bb use_icon=\u00bbon\u00bb font_icon=\u00bb&#xe02b;||divi||400&#8243; icon_color=\u00bb#6dc82b\u00bb icon_placement=\u00bbleft\u00bb image_icon_width=\u00bb40px\u00bb _builder_version=\u00bb4.27.4&#8243; _module_preset=\u00bbdefault\u00bb header_font=\u00bbPoppins||||||||\u00bb header_text_align=\u00bbleft\u00bb header_text_color=\u00bb#4e575f\u00bb body_text_color=\u00bb#4e575f\u00bb global_colors_info=\u00bb{}\u00bb]<\/p>\n<p style=\"text-align: left;\">Compatible con todos los motores bosch<\/p>\n<p>[\/et_pb_blurb][\/et_pb_column][et_pb_column type=\u00bb1_4&#8243; _builder_version=\u00bb4.27.4&#8243; _module_preset=\u00bbdefault\u00bb global_colors_info=\u00bb{}\u00bb][et_pb_blurb title=\u00bbPlug &#038; play\u00bb use_icon=\u00bbon\u00bb font_icon=\u00bb&#xf1e6;||fa||900&#8243; icon_color=\u00bb#6dc82b\u00bb icon_placement=\u00bbleft\u00bb image_icon_width=\u00bb30px\u00bb image_icon_width_tablet=\u00bb30px\u00bb image_icon_width_phone=\u00bb30px\u00bb image_icon_width_last_edited=\u00bbon|phone\u00bb _builder_version=\u00bb4.27.4&#8243; _module_preset=\u00bbdefault\u00bb header_font=\u00bbPoppins||||||||\u00bb header_text_align=\u00bbleft\u00bb header_text_color=\u00bb#4e575f\u00bb body_text_color=\u00bb#4e575f\u00bb hover_enabled=\u00bb0&#8243; global_colors_info=\u00bb{}\u00bb sticky_enabled=\u00bb0&#8243;]<\/p>\n<p style=\"text-align: left;\">Instalaci\u00f3n en menos de 1 minuto f\u00e1cil y r\u00e1pida<\/p>\n<p>[\/et_pb_blurb][\/et_pb_column][\/et_pb_row][\/et_pb_section][et_pb_section fb_built=\u00bb1&#8243; _builder_version=\u00bb4.27.4&#8243; _module_preset=\u00bbdefault\u00bb box_shadow_style=\u00bbpreset1&#8243; box_shadow_blur=\u00bb30px\u00bb box_shadow_spread=\u00bb-5px\u00bb global_colors_info=\u00bb{}\u00bb][et_pb_row column_structure=\u00bb1_3,1_3,1_3&#8243; make_equal=\u00bbon\u00bb _builder_version=\u00bb4.27.4&#8243; _module_preset=\u00bbdefault\u00bb custom_css_main_element=\u00bbalign-items: center;\u00bb global_colors_info=\u00bb{}\u00bb][et_pb_column type=\u00bb1_3&#8243; _builder_version=\u00bb4.27.4&#8243; _module_preset=\u00bbdefault\u00bb global_colors_info=\u00bb{}\u00bb][et_pb_blurb title=\u00bbNivel de Asistencia\u00bb use_icon=\u00bbon\u00bb font_icon=\u00bb&#xf837;||fa||400&#8243; icon_placement=\u00bbleft\u00bb image_icon_width=\u00bb45px\u00bb _builder_version=\u00bb4.27.4&#8243; _module_preset=\u00bbdefault\u00bb header_font=\u00bbPoppins||||||||\u00bb header_text_align=\u00bbleft\u00bb header_text_color=\u00bb#4e575f\u00bb body_text_color=\u00bb#4e575f\u00bb global_colors_info=\u00bb{}\u00bb]<\/p>\n<p style=\"text-align: left;\">Conoce en tiempo real el nivel de ayuda que el motor de tu bicicleta est\u00e1 proporcionando. Ideal para ajustar tu esfuerzo y optimizar el uso de energ\u00eda.<\/p>\n<p>[\/et_pb_blurb][et_pb_blurb title=\u00bbBater\u00eda Restante\u00bb use_icon=\u00bbon\u00bb font_icon=\u00bb&#xf243;||fa||900&#8243; icon_placement=\u00bbleft\u00bb image_icon_width=\u00bb30px\u00bb _builder_version=\u00bb4.27.4&#8243; _module_preset=\u00bbdefault\u00bb header_font=\u00bbPoppins||||||||\u00bb header_text_align=\u00bbleft\u00bb header_text_color=\u00bb#4e575f\u00bb body_text_color=\u00bb#4e575f\u00bb global_colors_info=\u00bb{}\u00bb]<\/p>\n<p style=\"text-align: left;\">Mant\u00e9n el control de tu bater\u00eda y evita sorpresas. Ve exactamente cu\u00e1nta carga queda para planificar tus recorridos con confianza.<\/p>\n<p>[\/et_pb_blurb][et_pb_blurb title=\u00bbAsistencia de Motor\u00bb use_icon=\u00bbon\u00bb font_icon=\u00bb&#xe038;||divi||400&#8243; icon_placement=\u00bbleft\u00bb image_icon_width=\u00bb30px\u00bb _builder_version=\u00bb4.27.4&#8243; _module_preset=\u00bbdefault\u00bb header_font=\u00bbPoppins||||||||\u00bb header_text_align=\u00bbleft\u00bb header_text_color=\u00bb#4e575f\u00bb body_text_color=\u00bb#4e575f\u00bb global_colors_info=\u00bb{}\u00bb]<\/p>\n<p style=\"text-align: left;\">Descubre c\u00f3mo tu motor el\u00e9ctrico te est\u00e1 ayudando en cada pedaleo. Perfecto para evaluar su rendimiento en diferentes terrenos.<\/p>\n<p>[\/et_pb_blurb][et_pb_blurb title=\u00bbPotencia del Ciclista\u00bb use_icon=\u00bbon\u00bb font_icon=\u00bb&#xf84a;||fa||900&#8243; icon_placement=\u00bbleft\u00bb image_icon_width=\u00bb30px\u00bb _builder_version=\u00bb4.27.4&#8243; _module_preset=\u00bbdefault\u00bb header_font=\u00bbPoppins||||||||\u00bb header_text_align=\u00bbleft\u00bb header_text_color=\u00bb#4e575f\u00bb body_text_color=\u00bb#4e575f\u00bb global_colors_info=\u00bb{}\u00bb]<\/p>\n<p style=\"text-align: left;\">Visualiza tu esfuerzo en vatios y eval\u00faa tu rendimiento durante los trayectos m\u00e1s exigentes.<\/p>\n<p>[\/et_pb_blurb][\/et_pb_column][et_pb_column type=\u00bb1_3&#8243; _builder_version=\u00bb4.27.4&#8243; _module_preset=\u00bbdefault\u00bb global_colors_info=\u00bb{}\u00bb][et_pb_image src=\u00bbhttps:\/\/bulcan.bike\/wp-content\/uploads\/2025\/05\/bulcan-5-1000A.jpg\u00bb title_text=\u00bbbulcan-5-1000A\u00bb _builder_version=\u00bb4.27.4&#8243; _module_preset=\u00bbdefault\u00bb border_radii=\u00bbon|8px|8px|8px|8px\u00bb box_shadow_style=\u00bbpreset3&#8243; global_colors_info=\u00bb{}\u00bb][\/et_pb_image][\/et_pb_column][et_pb_column type=\u00bb1_3&#8243; _builder_version=\u00bb4.27.4&#8243; _module_preset=\u00bbdefault\u00bb global_colors_info=\u00bb{}\u00bb][et_pb_blurb title=\u00bbVoltaje de la Bater\u00eda\u00bb use_icon=\u00bbon\u00bb font_icon=\u00bb&#xf0e7;||fa||900&#8243; icon_placement=\u00bbleft\u00bb image_icon_width=\u00bb30px\u00bb _builder_version=\u00bb4.27.4&#8243; _module_preset=\u00bbdefault\u00bb header_font=\u00bbPoppins||||||||\u00bb header_text_align=\u00bbleft\u00bb header_text_color=\u00bb#4e575f\u00bb body_text_color=\u00bb#4e575f\u00bb custom_margin=\u00bb||||false|false\u00bb global_colors_info=\u00bb{}\u00bb]<\/p>\n<p style=\"text-align: left;\">Monitorea la estabilidad de tu sistema el\u00e9ctrico con datos de voltaje precisos. Un detalle clave para mantener tu bici en perfecto estado.<\/p>\n<p>[\/et_pb_blurb][et_pb_blurb title=\u00bbTemperatura\u00bb use_icon=\u00bbon\u00bb font_icon=\u00bb&#xf769;||fa||900&#8243; icon_placement=\u00bbleft\u00bb image_icon_width=\u00bb30px\u00bb _builder_version=\u00bb4.27.4&#8243; _module_preset=\u00bbdefault\u00bb header_font=\u00bbPoppins||||||||\u00bb header_text_align=\u00bbleft\u00bb header_text_color=\u00bb#4e575f\u00bb body_text_color=\u00bb#4e575f\u00bb global_colors_info=\u00bb{}\u00bb]<\/p>\n<p style=\"text-align: left;\">Registra la temperatura ambiente para adaptar tu esfuerzo y proteger tus componentes en condiciones extremas, por registrar la temperatura de tu motor\/bateria y protege tus componentes en temperaturas extremas.<\/p>\n<p>[\/et_pb_blurb][et_pb_blurb title=\u00bbKil\u00f3metros Restantes\u00bb use_icon=\u00bbon\u00bb font_icon=\u00bb&#xf018;||fa||900&#8243; icon_placement=\u00bbleft\u00bb image_icon_width=\u00bb30px\u00bb _builder_version=\u00bb4.27.4&#8243; _module_preset=\u00bbdefault\u00bb header_font=\u00bbPoppins||||||||\u00bb header_text_align=\u00bbleft\u00bb header_text_color=\u00bb#4e575f\u00bb body_text_color=\u00bb#4e575f\u00bb global_colors_info=\u00bb{}\u00bb]<\/p>\n<p style=\"text-align: left;\">\u00bfCu\u00e1nto puedes pedalear con la carga actual? Bulcan calcula la distancia aproximada que puedes recorrer para que aproveches al m\u00e1ximo cada trayecto.<\/p>\n<p>[\/et_pb_blurb][et_pb_blurb title=\u00bbCadencia\u00bb use_icon=\u00bbon\u00bb font_icon=\u00bb&#xf83e;||fa||900&#8243; icon_placement=\u00bbleft\u00bb image_icon_width=\u00bb30px\u00bb _builder_version=\u00bb4.27.4&#8243; _module_preset=\u00bbdefault\u00bb header_font=\u00bbPoppins||||||||\u00bb header_text_align=\u00bbleft\u00bb header_text_color=\u00bb#4e575f\u00bb body_text_color=\u00bb#4e575f\u00bb global_colors_info=\u00bb{}\u00bb]<\/p>\n<p style=\"text-align: left;\">Optimiza tu pedaleo con informaci\u00f3n en tiempo real sobre la cadencia. El equilibrio perfecto entre velocidad y rendimiento.<\/p>\n<p>[\/et_pb_blurb][\/et_pb_column][\/et_pb_row][\/et_pb_section][et_pb_section fb_built=\u00bb1&#8243; _builder_version=\u00bb4.27.4&#8243; _module_preset=\u00bbdefault\u00bb background_color=\u00bb#e5e8ec\u00bb global_colors_info=\u00bb{}\u00bb][et_pb_row _builder_version=\u00bb4.27.4&#8243; _module_preset=\u00bbdefault\u00bb global_colors_info=\u00bb{}\u00bb][et_pb_column type=\u00bb4_4&#8243; _builder_version=\u00bb4.27.4&#8243; _module_preset=\u00bbdefault\u00bb global_colors_info=\u00bb{}\u00bb][et_pb_text _builder_version=\u00bb4.27.4&#8243; _module_preset=\u00bbdefault\u00bb header_2_font=\u00bbPoppins|700|||||||\u00bb header_2_text_align=\u00bbcenter\u00bb header_2_text_color=\u00bb#374048&#8243; header_2_font_size=\u00bb42px\u00bb custom_margin=\u00bb||20px||false|false\u00bb header_2_font_size_tablet=\u00bb42px\u00bb header_2_font_size_phone=\u00bb36px\u00bb header_2_font_size_last_edited=\u00bbon|phone\u00bb global_colors_info=\u00bb{}\u00bb]<\/p>\n<h2>Nuestra colecci\u00f3n de Bulcan<\/h2>\n<p>[\/et_pb_text][et_pb_text _builder_version=\u00bb4.27.4&#8243; _module_preset=\u00bbdefault\u00bb text_font=\u00bbPoppins||||||||\u00bb text_text_color=\u00bb#4e575f\u00bb text_font_size=\u00bb22px\u00bb header_font=\u00bbPoppins||||||||\u00bb global_colors_info=\u00bb{}\u00bb]<\/p>\n<p style=\"text-align: center;\">Elige el modelo compatible con tu motor.<\/p>\n<p>[\/et_pb_text][\/et_pb_column][\/et_pb_row][et_pb_row column_structure=\u00bb1_4,1_4,1_4,1_4&#8243; _builder_version=\u00bb4.27.4&#8243; _module_preset=\u00bbdefault\u00bb global_colors_info=\u00bb{}\u00bb][et_pb_column type=\u00bb1_4&#8243; disabled_on=\u00bbon|on|off\u00bb _builder_version=\u00bb4.27.4&#8243; _module_preset=\u00bbdefault\u00bb global_colors_info=\u00bb{}\u00bb][\/et_pb_column][et_pb_column type=\u00bb1_4&#8243; _builder_version=\u00bb4.27.4&#8243; _module_preset=\u00bbdefault\u00bb global_colors_info=\u00bb{}\u00bb][et_pb_wc_images product=\u00bb119&#8243; show_product_gallery=\u00bboff\u00bb show_sale_badge=\u00bboff\u00bb _builder_version=\u00bb4.27.4&#8243; _dynamic_attributes=\u00bblink_option_url\u00bb _module_preset=\u00bbdefault\u00bb custom_margin=\u00bb||20px||false|false\u00bb link_option_url=\u00bb@ET-DC@eyJkeW5hbWljIjp0cnVlLCJjb250ZW50IjoicG9zdF9saW5rX3VybF9wcm9kdWN0Iiwic2V0dGluZ3MiOnsicG9zdF9pZCI6IjExOSJ9fQ==@\u00bb border_radii=\u00bbon|10px|10px|10px|10px\u00bb border_color_all=\u00bb#cccccc\u00bb box_shadow_style=\u00bbpreset3&#8243; box_shadow_vertical=\u00bb8px\u00bb global_colors_info=\u00bb{}\u00bb][\/et_pb_wc_images][et_pb_wc_title product=\u00bb119&#8243; _builder_version=\u00bb4.27.4&#8243; _module_preset=\u00bbdefault\u00bb header_level=\u00bbh2&#8243; header_font=\u00bb|600|||||||\u00bb header_text_align=\u00bbcenter\u00bb header_font_size=\u00bb18px\u00bb header_line_height=\u00bb1.2em\u00bb custom_margin=\u00bb||20px||false|false\u00bb custom_padding=\u00bb||||false|false\u00bb global_colors_info=\u00bb{}\u00bb][\/et_pb_wc_title][et_pb_wc_price product=\u00bb119&#8243; _builder_version=\u00bb4.27.4&#8243; _module_preset=\u00bbdefault\u00bb body_font=\u00bb|700|||||||\u00bb body_text_color=\u00bb#000000&#8243; body_font_size=\u00bb22px\u00bb text_orientation=\u00bbcenter\u00bb custom_margin=\u00bb||20px||false|false\u00bb global_colors_info=\u00bb{}\u00bb][\/et_pb_wc_price][et_pb_button button_url=\u00bb@ET-DC@eyJkeW5hbWljIjp0cnVlLCJjb250ZW50IjoicG9zdF9saW5rX3VybF9wcm9kdWN0Iiwic2V0dGluZ3MiOnsicG9zdF9pZCI6IjExOSJ9fQ==@\u00bb button_text=\u00bbA\u00f1adir al carrito\u00bb button_alignment=\u00bbcenter\u00bb _builder_version=\u00bb4.27.4&#8243; _dynamic_attributes=\u00bbbutton_url\u00bb _module_preset=\u00bbdefault\u00bb custom_button=\u00bbon\u00bb button_bg_color=\u00bb#6dc82b\u00bb button_border_width=\u00bb1px\u00bb button_border_color=\u00bb#6dc82b\u00bb button_border_radius=\u00bb20px\u00bb global_colors_info=\u00bb{}\u00bb][\/et_pb_button][\/et_pb_column][et_pb_column type=\u00bb1_4&#8243; _builder_version=\u00bb4.27.4&#8243; _module_preset=\u00bbdefault\u00bb global_colors_info=\u00bb{}\u00bb][et_pb_wc_images product=\u00bb145&#8243; show_product_gallery=\u00bboff\u00bb show_sale_badge=\u00bboff\u00bb _builder_version=\u00bb4.27.4&#8243; _dynamic_attributes=\u00bblink_option_url\u00bb _module_preset=\u00bbdefault\u00bb custom_margin=\u00bb||20px||false|false\u00bb link_option_url=\u00bb@ET-DC@eyJkeW5hbWljIjp0cnVlLCJjb250ZW50IjoicG9zdF9saW5rX3VybF9wcm9kdWN0Iiwic2V0dGluZ3MiOnsicG9zdF9pZCI6IjE0NSJ9fQ==@\u00bb border_radii=\u00bbon|10px|10px|10px|10px\u00bb border_color_all=\u00bb#cccccc\u00bb box_shadow_style=\u00bbpreset3&#8243; global_colors_info=\u00bb{}\u00bb][\/et_pb_wc_images][et_pb_wc_title product=\u00bb145&#8243; _builder_version=\u00bb4.27.4&#8243; _module_preset=\u00bbdefault\u00bb header_level=\u00bbh2&#8243; header_font=\u00bb|600|||||||\u00bb header_text_align=\u00bbcenter\u00bb header_font_size=\u00bb18px\u00bb header_line_height=\u00bb1.2em\u00bb custom_margin=\u00bb||20px||false|false\u00bb custom_padding=\u00bb||||false|false\u00bb global_colors_info=\u00bb{}\u00bb][\/et_pb_wc_title][et_pb_wc_price product=\u00bb145&#8243; _builder_version=\u00bb4.27.4&#8243; _module_preset=\u00bbdefault\u00bb body_font=\u00bb|700|||||||\u00bb body_text_color=\u00bb#000000&#8243; body_font_size=\u00bb22px\u00bb text_orientation=\u00bbcenter\u00bb custom_margin=\u00bb||20px||false|false\u00bb global_colors_info=\u00bb{}\u00bb][\/et_pb_wc_price][et_pb_button button_url=\u00bb@ET-DC@eyJkeW5hbWljIjp0cnVlLCJjb250ZW50IjoicG9zdF9saW5rX3VybF9wcm9kdWN0Iiwic2V0dGluZ3MiOnsicG9zdF9pZCI6IjE0NSJ9fQ==@\u00bb button_text=\u00bbA\u00f1adir al carrito\u00bb button_alignment=\u00bbcenter\u00bb _builder_version=\u00bb4.27.4&#8243; _dynamic_attributes=\u00bbbutton_url\u00bb _module_preset=\u00bbdefault\u00bb custom_button=\u00bbon\u00bb button_bg_color=\u00bb#6dc82b\u00bb button_border_width=\u00bb1px\u00bb button_border_color=\u00bb#6dc82b\u00bb button_border_radius=\u00bb20px\u00bb global_colors_info=\u00bb{}\u00bb][\/et_pb_button][\/et_pb_column][et_pb_column type=\u00bb1_4&#8243; disabled_on=\u00bbon|on|off\u00bb _builder_version=\u00bb4.27.4&#8243; _module_preset=\u00bbdefault\u00bb global_colors_info=\u00bb{}\u00bb][\/et_pb_column][\/et_pb_row][\/et_pb_section][et_pb_section fb_built=\u00bb1&#8243; next_background_color=\u00bb#e5e8ec\u00bb _builder_version=\u00bb4.27.4&#8243; _module_preset=\u00bbdefault\u00bb bottom_divider_style=\u00bbcurve2&#8243; bottom_divider_height_tablet=\u00bb\u00bb bottom_divider_height_phone=\u00bb45px\u00bb bottom_divider_height_last_edited=\u00bbon|phone\u00bb global_colors_info=\u00bb{}\u00bb][et_pb_row _builder_version=\u00bb4.27.4&#8243; _module_preset=\u00bbdefault\u00bb global_colors_info=\u00bb{}\u00bb][et_pb_column type=\u00bb4_4&#8243; _builder_version=\u00bb4.27.4&#8243; _module_preset=\u00bbdefault\u00bb global_colors_info=\u00bb{}\u00bb][et_pb_text _builder_version=\u00bb4.27.4&#8243; _module_preset=\u00bbdefault\u00bb header_2_font=\u00bbPoppins|700|||||||\u00bb header_2_text_align=\u00bbcenter\u00bb header_2_text_color=\u00bb#374048&#8243; header_2_font_size=\u00bb42px\u00bb custom_margin=\u00bb||20px||false|false\u00bb header_2_font_size_tablet=\u00bb42px\u00bb header_2_font_size_phone=\u00bb36px\u00bb header_2_font_size_last_edited=\u00bbon|phone\u00bb global_colors_info=\u00bb{}\u00bb]<\/p>\n<h2>La comunidad habla por Bulcan<\/p>\n<\/h2>\n<p>[\/et_pb_text][et_pb_text _builder_version=\u00bb4.27.4&#8243; _module_preset=\u00bbdefault\u00bb text_font=\u00bbPoppins||||||||\u00bb text_text_color=\u00bb#4e575f\u00bb text_font_size=\u00bb22px\u00bb header_font=\u00bbPoppins||||||||\u00bb global_colors_info=\u00bb{}\u00bb]<\/p>\n<p style=\"text-align: center;\">Opiniones reales de ciclistas el\u00e9ctricos que ya conf\u00edan en nuestra tecnolog\u00eda.<\/p>\n<p>[\/et_pb_text][\/et_pb_column][\/et_pb_row][et_pb_row column_structure=\u00bb1_3,1_3,1_3&#8243; _builder_version=\u00bb4.27.4&#8243; _module_preset=\u00bbdefault\u00bb global_colors_info=\u00bb{}\u00bb][et_pb_column type=\u00bb1_3&#8243; _builder_version=\u00bb4.27.4&#8243; _module_preset=\u00bbdefault\u00bb global_colors_info=\u00bb{}\u00bb][et_pb_testimonial author=\u00bbCarlos M.\u00bb job_title=\u00bbMadrid\u00bb _builder_version=\u00bb4.27.4&#8243; _module_preset=\u00bbdefault\u00bb body_font_size=\u00bb18px\u00bb text_orientation=\u00bbcenter\u00bb global_colors_info=\u00bb{}\u00bb]<\/p>\n<p>Desde que uso Bulcan, entiendo mejor mi rendimiento en la bici. Es una herramienta esencial para ciclistas el\u00e9ctricos.<\/p>\n<p>[\/et_pb_testimonial][\/et_pb_column][et_pb_column type=\u00bb1_3&#8243; _builder_version=\u00bb4.27.4&#8243; _module_preset=\u00bbdefault\u00bb global_colors_info=\u00bb{}\u00bb][et_pb_testimonial author=\u00bbMar\u00eda L.\u00bb job_title=\u00bbValencia\u00bb _builder_version=\u00bb4.27.4&#8243; _module_preset=\u00bbdefault\u00bb body_font_size=\u00bb18px\u00bb text_orientation=\u00bbcenter\u00bb global_colors_info=\u00bb{}\u00bb]<\/p>\n<p>Su facilidad de uso y las actualizaciones constantes lo convierten en un producto excepcional.<\/p>\n<p>[\/et_pb_testimonial][\/et_pb_column][et_pb_column type=\u00bb1_3&#8243; _builder_version=\u00bb4.27.4&#8243; _module_preset=\u00bbdefault\u00bb global_colors_info=\u00bb{}\u00bb][et_pb_testimonial author=\u00bbRa\u00fal G.\u00bb job_title=\u00bbBarcelona\u00bb content_tablet=\u00bb<\/p>\n<p>Bulcan me ha permitido conectar mi motor Bosch con mi Garmin de forma impecable. Tengo todos los datos que necesito en mi mu\u00f1eca.<\/p>\n<p>\u00bb content_phone=\u00bb<\/p>\n<p>Bulcan me ha permitido conectar mi motor Bosch con mi Garmin de forma impecable. Tengo todos los datos que necesito en mi mu\u00f1eca.<\/p>\n<p>\u00bb content_last_edited=\u00bbon|phone\u00bb _builder_version=\u00bb4.27.4&#8243; _module_preset=\u00bbdefault\u00bb body_font_size=\u00bb18px\u00bb text_orientation=\u00bbcenter\u00bb global_colors_info=\u00bb{}\u00bb]<\/p>\n<p>Bulcan me ha permitido conectar mi motor Bosch con mi Garmin de forma impecable. Tengo todos los datos que necesito en mi mu\u00f1eca.<\/p>\n<p>[\/et_pb_testimonial][\/et_pb_column][\/et_pb_row][\/et_pb_section][et_pb_section fb_built=\u00bb1&#8243; _builder_version=\u00bb4.27.4&#8243; _module_preset=\u00bbdefault\u00bb background_color=\u00bb#e5e8ec\u00bb global_colors_info=\u00bb{}\u00bb][et_pb_row _builder_version=\u00bb4.27.4&#8243; _module_preset=\u00bbdefault\u00bb global_colors_info=\u00bb{}\u00bb][et_pb_column type=\u00bb4_4&#8243; _builder_version=\u00bb4.27.4&#8243; _module_preset=\u00bbdefault\u00bb global_colors_info=\u00bb{}\u00bb][et_pb_text _builder_version=\u00bb4.27.4&#8243; _module_preset=\u00bbdefault\u00bb header_2_font=\u00bb|700|||||||\u00bb header_2_text_color=\u00bb#374048&#8243; header_2_font_size=\u00bb42px\u00bb custom_margin=\u00bb||20px||false|false\u00bb header_2_font_size_tablet=\u00bb42px\u00bb header_2_font_size_phone=\u00bb36px\u00bb header_2_font_size_last_edited=\u00bbon|phone\u00bb global_colors_info=\u00bb{}\u00bb]<\/p>\n<h2 style=\"text-align: center;\">Preguntas frecuentes<\/h2>\n<p>[\/et_pb_text][et_pb_text _builder_version=\u00bb4.27.4&#8243; _module_preset=\u00bbdefault\u00bb text_font=\u00bbPoppins||||||||\u00bb text_text_color=\u00bb#4e575f\u00bb text_font_size=\u00bb22px\u00bb header_font=\u00bbPoppins||||||||\u00bb global_colors_info=\u00bb{}\u00bb]<\/p>\n<p style=\"text-align: center;\">Encuentra aqu\u00ed las respuestas a las dudas m\u00e1s comunes sobre nuestros productos, env\u00edos, devoluciones y mucho m\u00e1s.<\/p>\n<p>[\/et_pb_text][\/et_pb_column][\/et_pb_row][et_pb_row column_structure=\u00bb1_2,1_2&#8243; _builder_version=\u00bb4.27.4&#8243; _module_preset=\u00bbdefault\u00bb global_colors_info=\u00bb{}\u00bb][et_pb_column type=\u00bb1_2&#8243; _builder_version=\u00bb4.27.4&#8243; _module_preset=\u00bbdefault\u00bb global_colors_info=\u00bb{}\u00bb][et_pb_text content_tablet=\u00bb<\/p>\n<h3><strong>\u00bfCu\u00e1nto tarda en llegar mi pedido?<\/strong><\/h3>\n<p>El tiempo de entrega var\u00eda seg\u00fan tu ubicaci\u00f3n. En la mayor\u00eda de los casos, los pedidos se entregan en un plazo de 3 a 7 d\u00edas h\u00e1biles. Para env\u00edos internacionales, el tiempo puede extenderse entre 10 y 15 d\u00edas h\u00e1biles. Recibir\u00e1s un n\u00famero de seguimiento para que puedas consultar el estado de tu pedido en cualquier momento.<\/p>\n<p>\u00bb content_phone=\u00bb<\/p>\n<h3 style=%22text-align: center;%22><strong>\u00bfCu\u00e1nto tarda en llegar mi pedido?<\/strong><\/h3>\n<p style=%22text-align: center;%22>El tiempo de entrega var\u00eda seg\u00fan tu ubicaci\u00f3n. En la mayor\u00eda de los casos, los pedidos se entregan en un plazo de 3 a 7 d\u00edas h\u00e1biles. Para env\u00edos internacionales, el tiempo puede extenderse entre 10 y 15 d\u00edas h\u00e1biles. Recibir\u00e1s un n\u00famero de seguimiento para que puedas consultar el estado de tu pedido en cualquier momento.<\/p>\n<p>\u00bb content_last_edited=\u00bbon|phone\u00bb _builder_version=\u00bb4.27.4&#8243; _module_preset=\u00bbdefault\u00bb global_colors_info=\u00bb{}\u00bb]<\/p>\n<h3><strong>\u00bfCu\u00e1nto tarda en llegar mi pedido?<\/strong><\/h3>\n<p>El tiempo de entrega var\u00eda seg\u00fan tu ubicaci\u00f3n. En la mayor\u00eda de los casos, los pedidos se entregan en un plazo de 3 a 7 d\u00edas h\u00e1biles. Para env\u00edos internacionales, el tiempo puede extenderse entre 10 y 15 d\u00edas h\u00e1biles. Recibir\u00e1s un n\u00famero de seguimiento para que puedas consultar el estado de tu pedido en cualquier momento.<\/p>\n<p>[\/et_pb_text][et_pb_text content_tablet=\u00bb<\/p>\n<h3><strong>\u00bfPuedo cambiar o cancelar mi pedido una vez realizado?<\/strong><\/h3>\n<p>S\u00ed, puedes modificar o cancelar tu pedido dentro de las primeras 24 horas tras realizarlo. Pasado este tiempo, es posible que el pedido ya haya sido procesado. En ese caso, tendr\u00e1s que esperar a recibirlo y gestionar una devoluci\u00f3n.<\/p>\n<p>\u00bb content_phone=\u00bb<\/p>\n<h3 style=%22text-align: center;%22><strong>\u00bfPuedo cambiar o cancelar mi pedido una vez realizado?<\/strong><\/h3>\n<p style=%22text-align: center;%22>S\u00ed, puedes modificar o cancelar tu pedido dentro de las primeras 24 horas tras realizarlo. Pasado este tiempo, es posible que el pedido ya haya sido procesado. En ese caso, tendr\u00e1s que esperar a recibirlo y gestionar una devoluci\u00f3n.<\/p>\n<p>\u00bb content_last_edited=\u00bbon|phone\u00bb _builder_version=\u00bb4.27.4&#8243; _module_preset=\u00bbdefault\u00bb global_colors_info=\u00bb{}\u00bb]<\/p>\n<h3><strong>\u00bfPuedo cambiar o cancelar mi pedido una vez realizado?<\/strong><\/h3>\n<p>S\u00ed, puedes modificar o cancelar tu pedido dentro de las primeras 24 horas tras realizarlo. Pasado este tiempo, es posible que el pedido ya haya sido procesado. En ese caso, tendr\u00e1s que esperar a recibirlo y gestionar una devoluci\u00f3n.<\/p>\n<p>[\/et_pb_text][et_pb_text content_tablet=\u00bb<\/p>\n<h3><strong>\u00bfRealizan env\u00edos internacionales?<\/strong><\/h3>\n<p>S\u00ed, hacemos env\u00edos a la mayor\u00eda de los pa\u00edses. Los costos y tiempos de env\u00edo pueden variar dependiendo del destino. Al realizar tu pedido, se calcular\u00e1n autom\u00e1ticamente los gastos de env\u00edo seg\u00fan tu ubicaci\u00f3n.<\/p>\n<p>\u00bb content_phone=\u00bb<\/p>\n<h3 style=%22text-align: center;%22><strong>\u00bfRealizan env\u00edos internacionales?<\/strong><\/h3>\n<p style=%22text-align: center;%22>S\u00ed, hacemos env\u00edos a la mayor\u00eda de los pa\u00edses. Los costos y tiempos de env\u00edo pueden variar dependiendo del destino. Al realizar tu pedido, se calcular\u00e1n autom\u00e1ticamente los gastos de env\u00edo seg\u00fan tu ubicaci\u00f3n.<\/p>\n<p>\u00bb content_last_edited=\u00bbon|phone\u00bb _builder_version=\u00bb4.27.4&#8243; _module_preset=\u00bbdefault\u00bb global_colors_info=\u00bb{}\u00bb]<\/p>\n<h3><strong>\u00bfRealizan env\u00edos internacionales?<\/strong><\/h3>\n<p>S\u00ed, hacemos env\u00edos a la mayor\u00eda de los pa\u00edses. Los costos y tiempos de env\u00edo pueden variar dependiendo del destino. Al realizar tu pedido, se calcular\u00e1n autom\u00e1ticamente los gastos de env\u00edo seg\u00fan tu ubicaci\u00f3n.<\/p>\n<p>[\/et_pb_text][et_pb_text content_tablet=\u00bb<\/p>\n<h3><strong>\u00bfQu\u00e9 hago si mi pedido llega da\u00f1ado o defectuoso?<\/strong><\/h3>\n<p>Lamentamos cualquier inconveniente. Si tu pedido llega da\u00f1ado o defectuoso, por favor, cont\u00e1ctanos de inmediato enviando fotos del producto y del embalaje. Te ofreceremos una soluci\u00f3n r\u00e1pida, ya sea un reemplazo o un reembolso.<\/p>\n<p>\u00bb content_phone=\u00bb<\/p>\n<h3 style=%22text-align: center;%22><strong>\u00bfQu\u00e9 hago si mi pedido llega da\u00f1ado o defectuoso?<\/strong><\/h3>\n<p style=%22text-align: center;%22>Lamentamos cualquier inconveniente. Si tu pedido llega da\u00f1ado o defectuoso, por favor, cont\u00e1ctanos de inmediato enviando fotos del producto y del embalaje. Te ofreceremos una soluci\u00f3n r\u00e1pida, ya sea un reemplazo o un reembolso.<\/p>\n<p>\u00bb content_last_edited=\u00bbon|phone\u00bb _builder_version=\u00bb4.27.4&#8243; _module_preset=\u00bbdefault\u00bb global_colors_info=\u00bb{}\u00bb]<\/p>\n<h3><strong>\u00bfQu\u00e9 hago si mi pedido llega da\u00f1ado o defectuoso?<\/strong><\/h3>\n<p>Lamentamos cualquier inconveniente. Si tu pedido llega da\u00f1ado o defectuoso, por favor, cont\u00e1ctanos de inmediato enviando fotos del producto y del embalaje. Te ofreceremos una soluci\u00f3n r\u00e1pida, ya sea un reemplazo o un reembolso.<\/p>\n<p>[\/et_pb_text][et_pb_text content_tablet=\u00bb<\/p>\n<h3><strong>\u00bfPierdo la garant\u00eda de mi ebike al usar Bulcan?<\/strong><\/h3>\n<p>No, el uso de Bulcan no interfiere en el sistema Bosch ni afecta la garant\u00eda de tu ebike. Bulcan ha sido dise\u00f1ado para integrarse de forma segura y no invasiva, respetando la integridad del sistema original de tu bicicleta el\u00e9ctrica.<\/p>\n<p>\u00bb content_phone=\u00bb<\/p>\n<h3 style=%22text-align: center;%22><strong>\u00bfPierdo la garant\u00eda de mi ebike al usar Bulcan?<\/strong><\/h3>\n<p style=%22text-align: center;%22>No, el uso de Bulcan no interfiere en el sistema Bosch ni afecta la garant\u00eda de tu ebike. Bulcan ha sido dise\u00f1ado para integrarse de forma segura y no invasiva, respetando la integridad del sistema original de tu bicicleta el\u00e9ctrica.<\/p>\n<p>\u00bb content_last_edited=\u00bbon|phone\u00bb _builder_version=\u00bb4.27.4&#8243; _module_preset=\u00bbdefault\u00bb global_colors_info=\u00bb{}\u00bb]<\/p>\n<h3><strong>\u00bfPierdo la garant\u00eda de mi ebike al usar Bulcan?<\/strong><\/h3>\n<p>No, el uso de Bulcan no interfiere en el sistema Bosch ni afecta la garant\u00eda de tu ebike. Bulcan ha sido dise\u00f1ado para integrarse de forma segura y no invasiva, respetando la integridad del sistema original de tu bicicleta el\u00e9ctrica.<\/p>\n<p>[\/et_pb_text][\/et_pb_column][et_pb_column type=\u00bb1_2&#8243; _builder_version=\u00bb4.27.4&#8243; _module_preset=\u00bbdefault\u00bb global_colors_info=\u00bb{}\u00bb][et_pb_text content_tablet=\u00bb<\/p>\n<h3><strong>\u00bfCu\u00e1les son los m\u00e9todos de pago aceptados?<\/strong><\/h3>\n<p>Aceptamos tarjetas de cr\u00e9dito y d\u00e9bito (Visa, Mastercard, American Express), pagos mediante PayPal y otras plataformas seguras. Tambi\u00e9n disponemos de opciones de pago por transferencia bancaria en algunos pa\u00edses.<\/p>\n<p>\u00bb content_phone=\u00bb<\/p>\n<h3 style=%22text-align: center;%22><strong>\u00bfCu\u00e1les son los m\u00e9todos de pago aceptados?<\/strong><\/h3>\n<p style=%22text-align: center;%22>Aceptamos tarjetas de cr\u00e9dito y d\u00e9bito (Visa, Mastercard, American Express), pagos mediante PayPal y otras plataformas seguras. Tambi\u00e9n disponemos de opciones de pago por transferencia bancaria en algunos pa\u00edses.<\/p>\n<p>\u00bb content_last_edited=\u00bbon|phone\u00bb _builder_version=\u00bb4.27.4&#8243; _module_preset=\u00bbdefault\u00bb global_colors_info=\u00bb{}\u00bb]<\/p>\n<h3><strong>\u00bfCu\u00e1les son los m\u00e9todos de pago aceptados?<\/strong><\/h3>\n<p>Aceptamos tarjetas de cr\u00e9dito y d\u00e9bito (Visa, Mastercard, American Express), pagos mediante PayPal y otras plataformas seguras. Tambi\u00e9n disponemos de opciones de pago por transferencia bancaria en algunos pa\u00edses.<\/p>\n<p>[\/et_pb_text][et_pb_text content_tablet=\u00bb<\/p>\n<h3><strong>\u00bfC\u00f3mo puedo realizar un seguimiento de mi pedido?<\/strong><\/h3>\n<p>Una vez que procesemos tu pedido, recibir\u00e1s un correo electr\u00f3nico con el n\u00famero de seguimiento y un enlace para rastrear tu env\u00edo en tiempo real. Si tienes alg\u00fan problema, no dudes en contactarnos.<\/p>\n<p>\u00bb content_phone=\u00bb<\/p>\n<h3 style=%22text-align: center;%22><strong>\u00bfC\u00f3mo puedo realizar un seguimiento de mi pedido?<\/strong><\/h3>\n<p style=%22text-align: center;%22>Una vez que procesemos tu pedido, recibir\u00e1s un correo electr\u00f3nico con el n\u00famero de seguimiento y un enlace para rastrear tu env\u00edo en tiempo real. Si tienes alg\u00fan problema, no dudes en contactarnos.<\/p>\n<p>\u00bb content_last_edited=\u00bbon|phone\u00bb _builder_version=\u00bb4.27.4&#8243; _module_preset=\u00bbdefault\u00bb global_colors_info=\u00bb{}\u00bb]<\/p>\n<h3><strong>\u00bfC\u00f3mo puedo realizar un seguimiento de mi pedido?<\/strong><\/h3>\n<p>Una vez que procesemos tu pedido, recibir\u00e1s un correo electr\u00f3nico con el n\u00famero de seguimiento y un enlace para rastrear tu env\u00edo en tiempo real. Si tienes alg\u00fan problema, no dudes en contactarnos.<\/p>\n<p>[\/et_pb_text][et_pb_text content_tablet=\u00bb<\/p>\n<h3><strong>\u00bfC\u00f3mo puedo devolver un producto?<\/strong><\/h3>\n<p>Si no est\u00e1s satisfecho con tu compra, puedes solicitar una devoluci\u00f3n dentro de los primeros 14 d\u00edas desde que recibiste tu pedido. Aseg\u00farate de que el producto est\u00e9 en perfecto estado y con su embalaje original. Para iniciar el proceso, cont\u00e1ctanos y te proporcionaremos las instrucciones necesarias.<\/p>\n<p>\u00bb content_phone=\u00bb<\/p>\n<h3 style=%22text-align: center;%22><strong>\u00bfC\u00f3mo puedo devolver un producto?<\/strong><\/h3>\n<p style=%22text-align: center;%22>Si no est\u00e1s satisfecho con tu compra, puedes solicitar una devoluci\u00f3n dentro de los primeros 14 d\u00edas desde que recibiste tu pedido. Aseg\u00farate de que el producto est\u00e9 en perfecto estado y con su embalaje original. Para iniciar el proceso, cont\u00e1ctanos y te proporcionaremos las instrucciones necesarias.<\/p>\n<p>\u00bb content_last_edited=\u00bbon|phone\u00bb _builder_version=\u00bb4.27.4&#8243; _module_preset=\u00bbdefault\u00bb global_colors_info=\u00bb{}\u00bb]<\/p>\n<h3><strong>\u00bfC\u00f3mo puedo devolver un producto?<\/strong><\/h3>\n<p>Si no est\u00e1s satisfecho con tu compra, puedes solicitar una devoluci\u00f3n dentro de los primeros 14 d\u00edas desde que recibiste tu pedido. Aseg\u00farate de que el producto est\u00e9 en perfecto estado y con su embalaje original. Para iniciar el proceso, cont\u00e1ctanos y te proporcionaremos las instrucciones necesarias.<\/p>\n<p>[\/et_pb_text][et_pb_text content_tablet=\u00bb<\/p>\n<h3><strong>\u00bfOfrecen garant\u00eda en sus productos?<\/strong><\/h3>\n<p>S\u00ed, todos nuestros productos cuentan con garant\u00eda. La duraci\u00f3n y los t\u00e9rminos de la garant\u00eda pueden variar seg\u00fan el producto. Consulta los detalles en la descripci\u00f3n de cada art\u00edculo o cont\u00e1ctanos para m\u00e1s informaci\u00f3n.<\/p>\n<p>\u00bb content_phone=\u00bb<\/p>\n<h3 style=%22text-align: center;%22><strong>\u00bfOfrecen garant\u00eda en sus productos?<\/strong><\/h3>\n<p style=%22text-align: center;%22>S\u00ed, todos nuestros productos cuentan con garant\u00eda. La duraci\u00f3n y los t\u00e9rminos de la garant\u00eda pueden variar seg\u00fan el producto. Consulta los detalles en la descripci\u00f3n de cada art\u00edculo o cont\u00e1ctanos para m\u00e1s informaci\u00f3n.<\/p>\n<p>\u00bb content_last_edited=\u00bbon|phone\u00bb _builder_version=\u00bb4.27.4&#8243; _module_preset=\u00bbdefault\u00bb global_colors_info=\u00bb{}\u00bb]<\/p>\n<h3><strong>\u00bfOfrecen garant\u00eda en sus productos?<\/strong><\/h3>\n<p>S\u00ed, todos nuestros productos cuentan con garant\u00eda. La duraci\u00f3n y los t\u00e9rminos de la garant\u00eda pueden variar seg\u00fan el producto. Consulta los detalles en la descripci\u00f3n de cada art\u00edculo o cont\u00e1ctanos para m\u00e1s informaci\u00f3n.<\/p>\n<p>[\/et_pb_text][et_pb_text content_tablet=\u00bb<\/p>\n<h3><strong>\u00bfEs compatible mi motor o ciclocomputador con Bulcan?<\/strong><\/h3>\n<p>Bulcan es compatible con una amplia gama de motores y ciclocomputadores. Consulta la lista completa de dispositivos compatibles aqu\u00ed. Si tu modelo no aparece, no dudes en contactarnos para verificar la compatibilidad.<\/p>\n<p>\u00bb content_phone=\u00bb<\/p>\n<h3 style=%22text-align: center;%22><strong>\u00bfEs compatible mi motor o ciclocomputador con Bulcan?<\/strong><\/h3>\n<p style=%22text-align: center;%22>Bulcan es compatible con una amplia gama de motores y ciclocomputadores. Consulta la lista completa de dispositivos compatibles aqu\u00ed. Si tu modelo no aparece, no dudes en contactarnos para verificar la compatibilidad.<\/p>\n<p>\u00bb content_last_edited=\u00bbon|phone\u00bb _builder_version=\u00bb4.27.4&#8243; _module_preset=\u00bbdefault\u00bb global_colors_info=\u00bb{}\u00bb]<\/p>\n<h3><strong>\u00bfEs compatible mi motor o ciclocomputador con Bulcan?<\/strong><\/h3>\n<p>Bulcan es compatible con una amplia gama de motores y ciclocomputadores. Consulta la lista completa de dispositivos compatibles aqu\u00ed. Si tu modelo no aparece, no dudes en contactarnos para verificar la compatibilidad.<\/p>\n<p>[\/et_pb_text][\/et_pb_column][\/et_pb_row][\/et_pb_section]<\/p>\n","protected":false},"excerpt":{"rendered":"<p>Conecta tu motor Bosch a tu GPS favorito f\u00e1cilmenteBulcan env\u00eda los datos de tu bicicleta el\u00e9ctrica directamente a tu ciclocomputador, GPS o Smartwatch.\t<div class=\"wrap_svl_center\">\r\n\t<div class=\"wrap_svl_center_box\">\r\n\t<div class=\"wrap_svl\" id=\"body_drag_84\">\r\n\t\t<div class=\"images_wrap\">\r\n                            <img decoding=\"async\" src=\"https:\/\/bulcan.bike\/wp-content\/uploads\/2025\/03\/ebike-bulkan-v3.webp\" alt=\"\">\r\n            \t\t<\/div>\t\r\n\t\t \t\t \t\t <div class=\"drag_element tips \" style=\"top:23.45%;left:20.26%;\" >\r\n\t\t \t<div class=\"point_style  ihotspot_tooltop_html\" data-placement=\"n\" data-html=\"\t\t \t\t\t                  &lt;div class=&quot;box_view_html&quot;&gt;\r\n\t\t\t\t\t&lt;span class=&quot;close_ihp&quot;&gt;\r\n\t\t\t\t\t\t&lt;svg version=&quot;1.1&quot; xmlns=&quot;http:\/\/www.w3.org\/2000\/svg&quot; xmlns:xlink=&quot;http:\/\/www.w3.org\/1999\/xlink&quot; x=&quot;0px&quot; y=&quot;0px&quot; viewBox=&quot;0 0 1000 1000&quot; enable-background=&quot;new 0 0 1000 1000&quot; xml:space=&quot;preserve&quot;&gt;&lt;g&gt;&lt;path d=&quot;M153.7,153.7C57.9,249.5,10,365.3,10,499c0,135.7,47.9,251.5,143.7,347.3l0,0C249.5,942.1,363.3,990,499,990c135.7,0,251.5-47.9,347.3-143.7C942.1,750.5,990,634.7,990,499c0-135.7-47.9-249.5-143.7-345.3l0,0C750.5,57.9,634.7,10,499,10C365.3,10,249.5,57.9,153.7,153.7z M209.6,211.6l2-2C289.4,129.7,387.2,89.8,499,89.8c113.8,0,209.6,39.9,291.4,121.8c79.8,77.8,119.8,175.6,119.8,287.4c0,113.8-39.9,209.6-119.8,291.4C708.6,870.3,612.8,910.2,499,910.2c-111.8,0-209.6-39.9-287.4-119.8C129.8,708.6,89.8,612.8,89.8,499C89.8,387.2,129.8,289.4,209.6,211.6z&quot;\/&gt;&lt;path d=&quot;M293.4,331.3c0,12,4,22,12,29.9L443.1,497L305.4,632.7c-8,8-12,18-12,29.9c0,10,4,18,12,26c8,8,18,12,28,12c12,0,20-4,27.9-10L499,552.9l135.7,137.7c8,6,16,10,28,10c12,0,21.9-4,27.9-10c8-8,12-18,12-28c0-12-4-21.9-12-29.9L554.9,497l135.7-135.7c8-8,12-18,12-27.9c0-12-4-22-12-29.9c-6-8-16-12-25.9-12c-12,0-21.9,4-29.9,12L499,441.1L363.3,303.4c-8-8-18-12-29.9-12c-10,0-20,4-28,12C297.4,311.4,293.4,321.4,293.4,331.3z&quot;\/&gt;&lt;\/g&gt;&lt;\/svg&gt;&lt;\/span&gt;\r\n\t\t\t\t\t\t&lt;p&gt;Conector al display de la ebike&lt;\/p&gt;\n\t\t\t\t\t&lt;\/div&gt;\r\n\t\t\t \t\t \t\t \">\r\n\t\t \t\t\t\t\t \t\t\t\t\t \t\t\t<div class=\"pins_animation ihotspot_pulse\" style=\"top:-16px;left:-16px;height:32px;width:32px\"><\/div>\r\n\t\t\t \t\t\t\t\t \t\t<img decoding=\"async\" src=\"https:\/\/bulcan.bike\/wp-content\/uploads\/2025\/01\/mas.png\" class=\"pins_image ihotspot_hastooltop\" style=\"top:-16px;left:-16px\" alt=\"\">\r\n\t\t\t \t\t\t\t \t\t\t\t \t<\/div>\r\n\t\t <\/div>\r\n\t\t \t\t <div class=\"drag_element tips \" style=\"top:78.78%;left:12.83%;\" >\r\n\t\t \t<div class=\"point_style  ihotspot_tooltop_html\" data-placement=\"n\" data-html=\"\t\t \t\t\t                  &lt;div class=&quot;box_view_html&quot;&gt;\r\n\t\t\t\t\t&lt;span class=&quot;close_ihp&quot;&gt;\r\n\t\t\t\t\t\t&lt;svg version=&quot;1.1&quot; xmlns=&quot;http:\/\/www.w3.org\/2000\/svg&quot; xmlns:xlink=&quot;http:\/\/www.w3.org\/1999\/xlink&quot; x=&quot;0px&quot; y=&quot;0px&quot; viewBox=&quot;0 0 1000 1000&quot; enable-background=&quot;new 0 0 1000 1000&quot; xml:space=&quot;preserve&quot;&gt;&lt;g&gt;&lt;path d=&quot;M153.7,153.7C57.9,249.5,10,365.3,10,499c0,135.7,47.9,251.5,143.7,347.3l0,0C249.5,942.1,363.3,990,499,990c135.7,0,251.5-47.9,347.3-143.7C942.1,750.5,990,634.7,990,499c0-135.7-47.9-249.5-143.7-345.3l0,0C750.5,57.9,634.7,10,499,10C365.3,10,249.5,57.9,153.7,153.7z M209.6,211.6l2-2C289.4,129.7,387.2,89.8,499,89.8c113.8,0,209.6,39.9,291.4,121.8c79.8,77.8,119.8,175.6,119.8,287.4c0,113.8-39.9,209.6-119.8,291.4C708.6,870.3,612.8,910.2,499,910.2c-111.8,0-209.6-39.9-287.4-119.8C129.8,708.6,89.8,612.8,89.8,499C89.8,387.2,129.8,289.4,209.6,211.6z&quot;\/&gt;&lt;path d=&quot;M293.4,331.3c0,12,4,22,12,29.9L443.1,497L305.4,632.7c-8,8-12,18-12,29.9c0,10,4,18,12,26c8,8,18,12,28,12c12,0,20-4,27.9-10L499,552.9l135.7,137.7c8,6,16,10,28,10c12,0,21.9-4,27.9-10c8-8,12-18,12-28c0-12-4-21.9-12-29.9L554.9,497l135.7-135.7c8-8,12-18,12-27.9c0-12-4-22-12-29.9c-6-8-16-12-25.9-12c-12,0-21.9,4-29.9,12L499,441.1L363.3,303.4c-8-8-18-12-29.9-12c-10,0-20,4-28,12C297.4,311.4,293.4,321.4,293.4,331.3z&quot;\/&gt;&lt;\/g&gt;&lt;\/svg&gt;&lt;\/span&gt;\r\n\t\t\t\t\t\t&lt;p&gt;Conector directo al motor&lt;\/p&gt;\n\t\t\t\t\t&lt;\/div&gt;\r\n\t\t\t \t\t \t\t \">\r\n\t\t \t\t\t\t\t \t\t\t\t\t \t\t\t<div class=\"pins_animation ihotspot_pulse\" style=\"top:-16px;left:-16px;height:32px;width:32px\"><\/div>\r\n\t\t\t \t\t\t\t\t \t\t<img decoding=\"async\" src=\"https:\/\/bulcan.bike\/wp-content\/uploads\/2025\/01\/mas.png\" class=\"pins_image ihotspot_hastooltop\" style=\"top:-16px;left:-16px\" alt=\"\">\r\n\t\t\t \t\t\t\t \t\t\t\t \t<\/div>\r\n\t\t <\/div>\r\n\t\t \t\t <div class=\"drag_element tips \" style=\"top:30.58%;left:72.36%;\" >\r\n\t\t \t<div class=\"point_style  ihotspot_tooltop_html\" data-placement=\"n\" data-html=\"\t\t \t\t\t                  &lt;div class=&quot;box_view_html&quot;&gt;\r\n\t\t\t\t\t&lt;span class=&quot;close_ihp&quot;&gt;\r\n\t\t\t\t\t\t&lt;svg version=&quot;1.1&quot; xmlns=&quot;http:\/\/www.w3.org\/2000\/svg&quot; xmlns:xlink=&quot;http:\/\/www.w3.org\/1999\/xlink&quot; x=&quot;0px&quot; y=&quot;0px&quot; viewBox=&quot;0 0 1000 1000&quot; enable-background=&quot;new 0 0 1000 1000&quot; xml:space=&quot;preserve&quot;&gt;&lt;g&gt;&lt;path d=&quot;M153.7,153.7C57.9,249.5,10,365.3,10,499c0,135.7,47.9,251.5,143.7,347.3l0,0C249.5,942.1,363.3,990,499,990c135.7,0,251.5-47.9,347.3-143.7C942.1,750.5,990,634.7,990,499c0-135.7-47.9-249.5-143.7-345.3l0,0C750.5,57.9,634.7,10,499,10C365.3,10,249.5,57.9,153.7,153.7z M209.6,211.6l2-2C289.4,129.7,387.2,89.8,499,89.8c113.8,0,209.6,39.9,291.4,121.8c79.8,77.8,119.8,175.6,119.8,287.4c0,113.8-39.9,209.6-119.8,291.4C708.6,870.3,612.8,910.2,499,910.2c-111.8,0-209.6-39.9-287.4-119.8C129.8,708.6,89.8,612.8,89.8,499C89.8,387.2,129.8,289.4,209.6,211.6z&quot;\/&gt;&lt;path d=&quot;M293.4,331.3c0,12,4,22,12,29.9L443.1,497L305.4,632.7c-8,8-12,18-12,29.9c0,10,4,18,12,26c8,8,18,12,28,12c12,0,20-4,27.9-10L499,552.9l135.7,137.7c8,6,16,10,28,10c12,0,21.9-4,27.9-10c8-8,12-18,12-28c0-12-4-21.9-12-29.9L554.9,497l135.7-135.7c8-8,12-18,12-27.9c0-12-4-22-12-29.9c-6-8-16-12-25.9-12c-12,0-21.9,4-29.9,12L499,441.1L363.3,303.4c-8-8-18-12-29.9-12c-10,0-20,4-28,12C297.4,311.4,293.4,321.4,293.4,331.3z&quot;\/&gt;&lt;\/g&gt;&lt;\/svg&gt;&lt;\/span&gt;\r\n\t\t\t\t\t\t&lt;p&gt;Hardware Bulcan&lt;\/p&gt;\n\t\t\t\t\t&lt;\/div&gt;\r\n\t\t\t \t\t \t\t \">\r\n\t\t \t\t\t\t\t \t\t\t\t\t \t\t\t<div class=\"pins_animation ihotspot_pulse\" style=\"top:-16px;left:-16px;height:32px;width:32px\"><\/div>\r\n\t\t\t \t\t\t\t\t \t\t<img decoding=\"async\" src=\"https:\/\/bulcan.bike\/wp-content\/uploads\/2025\/01\/mas.png\" class=\"pins_image ihotspot_hastooltop\" style=\"top:-16px;left:-16px\" alt=\"\">\r\n\t\t\t \t\t\t\t \t\t\t\t \t<\/div>\r\n\t\t <\/div>\r\n\t\t \t\t \r\n\t\t  \t\t \t\r\n\t <\/div>\r\n\t <\/div>\r\n\t <\/div>\r\n\tF\u00e1cil de instalar, incre\u00edble de usarEn solo tres sencillos pasos, enlaza tu motor Bosch a tu GPS favorito.Conecta el dispositivo Bulcan a tu motor Bosch. Plug &amp; PlaySincroniza con tu motor Bosch [&hellip;]<\/p>\n","protected":false},"author":1,"featured_media":0,"parent":0,"menu_order":0,"comment_status":"closed","ping_status":"closed","template":"","meta":{"_et_pb_use_builder":"on","_et_pb_old_content":"","_et_gb_content_width":"","footnotes":""},"class_list":["post-11","page","type-page","status-publish","hentry"],"yoast_head":"<!-- This site is optimized with the Yoast SEO plugin v27.5 - https:\/\/yoast.com\/product\/yoast-seo-wordpress\/ -->\n<title>Tecnolog\u00eda para bicis el\u00e9ctricas inteligentes | Bulcan<\/title>\n<meta name=\"description\" content=\"Convierte tus rutas en datos con tu bici el\u00e9ctrica y la tecnolog\u00eda de Bulcan\" \/>\n<meta name=\"robots\" content=\"index, follow, max-snippet:-1, max-image-preview:large, max-video-preview:-1\" \/>\n<link rel=\"canonical\" href=\"https:\/\/bulcan.bike\/en\/\" \/>\n<meta property=\"og:locale\" content=\"en_GB\" \/>\n<meta property=\"og:type\" content=\"article\" \/>\n<meta property=\"og:title\" content=\"Tecnolog\u00eda para bicis el\u00e9ctricas inteligentes | Bulcan\" \/>\n<meta property=\"og:description\" content=\"Convierte tus rutas en datos con tu bici el\u00e9ctrica y la tecnolog\u00eda de Bulcan\" \/>\n<meta property=\"og:url\" content=\"https:\/\/bulcan.bike\/en\/\" \/>\n<meta property=\"og:site_name\" content=\"Bulcan\" \/>\n<meta property=\"article:publisher\" content=\"https:\/\/www.facebook.com\/profile.php?id=61565581816241\" \/>\n<meta property=\"article:modified_time\" content=\"2025-07-26T11:03:20+00:00\" \/>\n<meta name=\"twitter:card\" content=\"summary_large_image\" \/>\n<meta name=\"twitter:label1\" content=\"Est. reading time\" \/>\n\t<meta name=\"twitter:data1\" content=\"12 minutes\" \/>\n<script type=\"application\/ld+json\" class=\"yoast-schema-graph\">{\"@context\":\"https:\\\/\\\/schema.org\",\"@graph\":[{\"@type\":\"WebPage\",\"@id\":\"https:\\\/\\\/bulcan.bike\\\/\",\"url\":\"https:\\\/\\\/bulcan.bike\\\/\",\"name\":\"Tecnolog\u00eda para bicis el\u00e9ctricas inteligentes | Bulcan\",\"isPartOf\":{\"@id\":\"https:\\\/\\\/bulcan.bike\\\/#website\"},\"datePublished\":\"2024-12-19T19:33:10+00:00\",\"dateModified\":\"2025-07-26T11:03:20+00:00\",\"description\":\"Convierte tus rutas en datos con tu bici el\u00e9ctrica y la tecnolog\u00eda de Bulcan\",\"breadcrumb\":{\"@id\":\"https:\\\/\\\/bulcan.bike\\\/#breadcrumb\"},\"inLanguage\":\"en-GB\",\"potentialAction\":[{\"@type\":\"ReadAction\",\"target\":[\"https:\\\/\\\/bulcan.bike\\\/\"]}]},{\"@type\":\"BreadcrumbList\",\"@id\":\"https:\\\/\\\/bulcan.bike\\\/#breadcrumb\",\"itemListElement\":[{\"@type\":\"ListItem\",\"position\":1,\"name\":\"Portada\",\"item\":\"https:\\\/\\\/bulcan.bike\\\/\"},{\"@type\":\"ListItem\",\"position\":2,\"name\":\"Inicio\"}]},{\"@type\":\"WebSite\",\"@id\":\"https:\\\/\\\/bulcan.bike\\\/#website\",\"url\":\"https:\\\/\\\/bulcan.bike\\\/\",\"name\":\"Bulcan\",\"description\":\"Una soluci\u00f3n r\u00e1pida y sencilla para tener todos los datos de tu ebike\",\"publisher\":{\"@id\":\"https:\\\/\\\/bulcan.bike\\\/#organization\"},\"alternateName\":\"Bulcan\",\"potentialAction\":[{\"@type\":\"SearchAction\",\"target\":{\"@type\":\"EntryPoint\",\"urlTemplate\":\"https:\\\/\\\/bulcan.bike\\\/?s={search_term_string}\"},\"query-input\":{\"@type\":\"PropertyValueSpecification\",\"valueRequired\":true,\"valueName\":\"search_term_string\"}}],\"inLanguage\":\"en-GB\"},{\"@type\":\"Organization\",\"@id\":\"https:\\\/\\\/bulcan.bike\\\/#organization\",\"name\":\"Bulcan\",\"url\":\"https:\\\/\\\/bulcan.bike\\\/\",\"logo\":{\"@type\":\"ImageObject\",\"inLanguage\":\"en-GB\",\"@id\":\"https:\\\/\\\/bulcan.bike\\\/#\\\/schema\\\/logo\\\/image\\\/\",\"url\":\"https:\\\/\\\/bulcan.bike\\\/wp-content\\\/uploads\\\/2025\\\/01\\\/logo-bulcano.png\",\"contentUrl\":\"https:\\\/\\\/bulcan.bike\\\/wp-content\\\/uploads\\\/2025\\\/01\\\/logo-bulcano.png\",\"width\":1772,\"height\":472,\"caption\":\"Bulcan\"},\"image\":{\"@id\":\"https:\\\/\\\/bulcan.bike\\\/#\\\/schema\\\/logo\\\/image\\\/\"},\"sameAs\":[\"https:\\\/\\\/www.facebook.com\\\/profile.php?id=61565581816241\"]}]}<\/script>\n<!-- \/ Yoast SEO plugin. -->","yoast_head_json":{"title":"Tecnolog\u00eda para bicis el\u00e9ctricas inteligentes | Bulcan","description":"Convierte tus rutas en datos con tu bici el\u00e9ctrica y la tecnolog\u00eda de Bulcan","robots":{"index":"index","follow":"follow","max-snippet":"max-snippet:-1","max-image-preview":"max-image-preview:large","max-video-preview":"max-video-preview:-1"},"canonical":"https:\/\/bulcan.bike\/en\/","og_locale":"en_GB","og_type":"article","og_title":"Tecnolog\u00eda para bicis el\u00e9ctricas inteligentes | Bulcan","og_description":"Convierte tus rutas en datos con tu bici el\u00e9ctrica y la tecnolog\u00eda de Bulcan","og_url":"https:\/\/bulcan.bike\/en\/","og_site_name":"Bulcan","article_publisher":"https:\/\/www.facebook.com\/profile.php?id=61565581816241","article_modified_time":"2025-07-26T11:03:20+00:00","twitter_card":"summary_large_image","twitter_misc":{"Est. reading time":"12 minutes"},"schema":{"@context":"https:\/\/schema.org","@graph":[{"@type":"WebPage","@id":"https:\/\/bulcan.bike\/","url":"https:\/\/bulcan.bike\/","name":"Tecnolog\u00eda para bicis el\u00e9ctricas inteligentes | Bulcan","isPartOf":{"@id":"https:\/\/bulcan.bike\/#website"},"datePublished":"2024-12-19T19:33:10+00:00","dateModified":"2025-07-26T11:03:20+00:00","description":"Convierte tus rutas en datos con tu bici el\u00e9ctrica y la tecnolog\u00eda de Bulcan","breadcrumb":{"@id":"https:\/\/bulcan.bike\/#breadcrumb"},"inLanguage":"en-GB","potentialAction":[{"@type":"ReadAction","target":["https:\/\/bulcan.bike\/"]}]},{"@type":"BreadcrumbList","@id":"https:\/\/bulcan.bike\/#breadcrumb","itemListElement":[{"@type":"ListItem","position":1,"name":"Portada","item":"https:\/\/bulcan.bike\/"},{"@type":"ListItem","position":2,"name":"Inicio"}]},{"@type":"WebSite","@id":"https:\/\/bulcan.bike\/#website","url":"https:\/\/bulcan.bike\/","name":"Bulcan","description":"Una soluci\u00f3n r\u00e1pida y sencilla para tener todos los datos de tu ebike","publisher":{"@id":"https:\/\/bulcan.bike\/#organization"},"alternateName":"Bulcan","potentialAction":[{"@type":"SearchAction","target":{"@type":"EntryPoint","urlTemplate":"https:\/\/bulcan.bike\/?s={search_term_string}"},"query-input":{"@type":"PropertyValueSpecification","valueRequired":true,"valueName":"search_term_string"}}],"inLanguage":"en-GB"},{"@type":"Organization","@id":"https:\/\/bulcan.bike\/#organization","name":"Bulcan","url":"https:\/\/bulcan.bike\/","logo":{"@type":"ImageObject","inLanguage":"en-GB","@id":"https:\/\/bulcan.bike\/#\/schema\/logo\/image\/","url":"https:\/\/bulcan.bike\/wp-content\/uploads\/2025\/01\/logo-bulcano.png","contentUrl":"https:\/\/bulcan.bike\/wp-content\/uploads\/2025\/01\/logo-bulcano.png","width":1772,"height":472,"caption":"Bulcan"},"image":{"@id":"https:\/\/bulcan.bike\/#\/schema\/logo\/image\/"},"sameAs":["https:\/\/www.facebook.com\/profile.php?id=61565581816241"]}]}},"_links":{"self":[{"href":"https:\/\/bulcan.bike\/en\/wp-json\/wp\/v2\/pages\/11","targetHints":{"allow":["GET"]}}],"collection":[{"href":"https:\/\/bulcan.bike\/en\/wp-json\/wp\/v2\/pages"}],"about":[{"href":"https:\/\/bulcan.bike\/en\/wp-json\/wp\/v2\/types\/page"}],"author":[{"embeddable":true,"href":"https:\/\/bulcan.bike\/en\/wp-json\/wp\/v2\/users\/1"}],"replies":[{"embeddable":true,"href":"https:\/\/bulcan.bike\/en\/wp-json\/wp\/v2\/comments?post=11"}],"version-history":[{"count":83,"href":"https:\/\/bulcan.bike\/en\/wp-json\/wp\/v2\/pages\/11\/revisions"}],"predecessor-version":[{"id":716,"href":"https:\/\/bulcan.bike\/en\/wp-json\/wp\/v2\/pages\/11\/revisions\/716"}],"wp:attachment":[{"href":"https:\/\/bulcan.bike\/en\/wp-json\/wp\/v2\/media?parent=11"}],"curies":[{"name":"wp","href":"https:\/\/api.w.org\/{rel}","templated":true}]}}