{"id":119,"date":"2025-01-13T15:53:25","date_gmt":"2025-01-13T14:53:25","guid":{"rendered":"http:\/\/test.micartaenlaweb.com\/?post_type=product&#038;p=119"},"modified":"2026-03-27T09:53:41","modified_gmt":"2026-03-27T08:53:41","slug":"bulcan-bosch-standard","status":"publish","type":"product","link":"https:\/\/bulcan.bike\/en\/product\/bulcan-bosch-standard\/","title":{"rendered":"Bulcan for Bosch Standard <br \/><span style=\"font-size: 16px;\">MADE IN SPAIN<\/span>"},"content":{"rendered":"<p>[et_pb_section fb_built=\u00bb1&#8243; _builder_version=\u00bb4.16&#8243; custom_padding=\u00bb0px||||false|false\u00bb global_colors_info=\u00bb{}\u00bb][et_pb_row _builder_version=\u00bb4.16&#8243; background_size=\u00bbinitial\u00bb background_position=\u00bbtop_left\u00bb background_repeat=\u00bbrepeat\u00bb width=\u00bb100%\u00bb custom_padding=\u00bb0px||0px||false|false\u00bb global_colors_info=\u00bb{}\u00bb][et_pb_column type=\u00bb4_4&#8243; _builder_version=\u00bb4.16&#8243; custom_padding=\u00bb|||\u00bb global_colors_info=\u00bb{}\u00bb custom_padding__hover=\u00bb|||\u00bb][et_pb_wc_breadcrumb _builder_version=\u00bb4.16&#8243; global_colors_info=\u00bb{}\u00bb][\/et_pb_wc_breadcrumb][et_pb_wc_cart_notice _builder_version=\u00bb4.27.4&#8243; custom_button=\u00bbon\u00bb button_custom_margin=\u00bb-6px||6px||false|false\u00bb button_custom_margin_tablet=\u00bb-6px||6px||false|false\u00bb button_custom_margin_phone=\u00bb24px||0px||false|false\u00bb button_custom_margin_last_edited=\u00bbon|phone\u00bb width_tablet=\u00bb\u00bb width_phone=\u00bb\u00bb width_last_edited=\u00bbon|phone\u00bb custom_margin=\u00bb|0em|2em|0em|false|false\u00bb custom_padding=\u00bb22px|15px|7px|15px|false|false\u00bb button_border_width_tablet=\u00bb\u00bb button_border_width_phone=\u00bb0px\u00bb button_border_width_last_edited=\u00bbon|phone\u00bb button_icon_placement_tablet=\u00bb\u00bb button_icon_placement_phone=\u00bbright\u00bb button_icon_placement_last_edited=\u00bbon|phone\u00bb border_radii=\u00bbon|8px|8px|8px|8px\u00bb global_colors_info=\u00bb{}\u00bb][\/et_pb_wc_cart_notice][\/et_pb_column][\/et_pb_row][et_pb_row column_structure=\u00bb1_2,1_2&#8243; _builder_version=\u00bb4.16&#8243; background_size=\u00bbinitial\u00bb background_position=\u00bbtop_left\u00bb background_repeat=\u00bbrepeat\u00bb width=\u00bb100%\u00bb custom_padding=\u00bb0px||||false|false\u00bb global_colors_info=\u00bb{}\u00bb][et_pb_column type=\u00bb1_2&#8243; _builder_version=\u00bb4.16&#8243; custom_padding=\u00bb|||\u00bb global_colors_info=\u00bb{}\u00bb custom_padding__hover=\u00bb|||\u00bb][et_pb_wc_images _builder_version=\u00bb4.27.4&#8243; border_radii=\u00bbon|8px|8px|8px|8px\u00bb border_radii_image=\u00bbon|8px|8px|8px|8px\u00bb global_colors_info=\u00bb{}\u00bb][\/et_pb_wc_images][\/et_pb_column][et_pb_column type=\u00bb1_2&#8243; _builder_version=\u00bb4.16&#8243; custom_padding=\u00bb|||\u00bb global_colors_info=\u00bb{}\u00bb custom_padding__hover=\u00bb|||\u00bb][et_pb_wc_title _builder_version=\u00bb4.27.4&#8243; header_font=\u00bb|700|||||||\u00bb header_font_size=\u00bb32px\u00bb global_colors_info=\u00bb{}\u00bb][\/et_pb_wc_title][et_pb_wc_rating _builder_version=\u00bb4.16&#8243; global_colors_info=\u00bb{}\u00bb][\/et_pb_wc_rating][et_pb_wc_price _builder_version=\u00bb4.16&#8243; global_colors_info=\u00bb{}\u00bb][\/et_pb_wc_price][et_pb_wc_description _builder_version=\u00bb4.16&#8243; global_colors_info=\u00bb{}\u00bb][\/et_pb_wc_description][et_pb_wc_add_to_cart _builder_version=\u00bb4.27.4&#8243; custom_button=\u00bbon\u00bb button_bg_color=\u00bbgcid-secondary-color\u00bb button_border_width=\u00bb0px\u00bb button_border_radius=\u00bb21px\u00bb border_radii_fields=\u00bbon|8px|8px|8px|8px\u00bb global_colors_info=\u00bb{%22gcid-secondary-color%22:%91%22button_bg_color%22%93}\u00bb][\/et_pb_wc_add_to_cart][et_pb_wc_meta _builder_version=\u00bb4.16&#8243; global_colors_info=\u00bb{}\u00bb][\/et_pb_wc_meta][\/et_pb_column][\/et_pb_row][et_pb_row _builder_version=\u00bb4.16&#8243; background_size=\u00bbinitial\u00bb background_position=\u00bbtop_left\u00bb background_repeat=\u00bbrepeat\u00bb width=\u00bb100%\u00bb global_colors_info=\u00bb{}\u00bb][et_pb_column type=\u00bb4_4&#8243; _builder_version=\u00bb4.16&#8243; custom_padding=\u00bb|||\u00bb global_colors_info=\u00bb{}\u00bb custom_padding__hover=\u00bb|||\u00bb][et_pb_wc_tabs _builder_version=\u00bb4.27.4&#8243; tab_line_height=\u00bb2em\u00bb border_radii=\u00bbon|8px|8px|8px|8px\u00bb global_colors_info=\u00bb{}\u00bb] [\/et_pb_wc_tabs][et_pb_wc_upsells _builder_version=\u00bb4.16&#8243; global_colors_info=\u00bb{}\u00bb][\/et_pb_wc_upsells][et_pb_wc_related_products include_categories=\u00bbcurrent\u00bb sale_badge_color=\u00bb#7CDA24&#8243; _builder_version=\u00bb4.27.4&#8243; title_font=\u00bb|700|||||||\u00bb title_font_size=\u00bb28px\u00bb title_line_height=\u00bb1.8em\u00bb product_title_font=\u00bb|700|||||||\u00bb price_font_size=\u00bb22px\u00bb title_line_height_tablet=\u00bb1.8em\u00bb title_line_height_phone=\u00bb1.1em\u00bb title_line_height_last_edited=\u00bbon|phone\u00bb border_radii_image=\u00bbon|8px|8px|8px|8px\u00bb global_colors_info=\u00bb{}\u00bb][\/et_pb_wc_related_products][\/et_pb_column][\/et_pb_row][\/et_pb_section]<\/p>\n","protected":false},"excerpt":{"rendered":"<p><strong>Tu Bosch (Gen 2, 3 o 4) tambi\u00e9n tiene mucho que decir.<\/strong><br \/>\nConecta tu motor al GPS o smartwatch y recibe todos los datos en tiempo real.<br \/>\n<strong>F\u00e1cil, r\u00e1pido, sin adivinar.<\/strong><\/p>\n<p><img loading=\"lazy\" decoding=\"async\" class=\"wp-image-553 alignleft\" src=\"https:\/\/bulcan.bike\/wp-content\/uploads\/2025\/01\/icono-envio.jpg\" alt=\"\" width=\"126\" height=\"126\" srcset=\"https:\/\/bulcan.bike\/wp-content\/uploads\/2025\/01\/icono-envio.jpg 300w, https:\/\/bulcan.bike\/wp-content\/uploads\/2025\/01\/icono-envio-150x150.jpg 150w, https:\/\/bulcan.bike\/wp-content\/uploads\/2025\/01\/icono-envio-12x12.jpg 12w, https:\/\/bulcan.bike\/wp-content\/uploads\/2025\/01\/icono-envio-100x100.jpg 100w\" sizes=\"(max-width: 126px) 100vw, 126px\" \/><\/p>\n<p><strong>Repartimos en todo el mundo<\/strong><br \/>\nHemos ampliado las zonas de env\u00edo.<br \/>\nCont\u00e1ctanos a <a href=\"mailto:contact@lab.bike\">contact@lab.bike<\/a> si tienes alguna duda.<\/p>\n<p>&nbsp;<\/p>","protected":false},"featured_media":396,"comment_status":"open","ping_status":"closed","template":"","meta":{"_et_pb_use_builder":"on","_et_pb_old_content":"<strong>Bulcan \u2013 Conecta tu Bosch cl\u00e1sico y lleva tu ebike al siguiente nivel<\/strong>\r\n\r\nTu ebike tiene un motor Bosch Gen 2, 3 o 4 (el de antes del Smart System).\r\nY todav\u00eda no est\u00e1s viendo en tu GPS o smartwatch todo lo que est\u00e1 pasando en tu bici.\r\n\r\n\u00bfDe verdad vas a seguir pedaleando a ciegas?\r\n\r\n<strong>Bulcan<\/strong> es el dispositivo que conecta tu motor Bosch con tu pantalla favorita.\r\nEn menos de un minuto, sin herramientas raras, y con compatibilidad total:\r\nGarmin, Wahoo, Karoo, COROS, IGPSPORT\u2026 lo que uses.\r\n\r\n<strong>Mapas + datos. Juntos. Como debe ser.<\/strong>\r\n\r\nEsto es lo que ver\u00e1s en tiempo real:\r\n<ul>\r\n \t<li><strong>Nivel de asistencia del motor<\/strong><\/li>\r\n \t<li><strong>Bater\u00eda restante y voltaje exacto<\/strong><\/li>\r\n \t<li><strong>Potencia de tu pedaleo en vatios<\/strong><\/li>\r\n \t<li><strong>Cadencia para afinar tu ritmo<\/strong><\/li>\r\n \t<li><strong>Temperatura ambiente y del sistema<\/strong><\/li>\r\n \t<li><strong>Autonom\u00eda restante seg\u00fan la carga actual<\/strong><\/li>\r\n \t<li><strong>Asistencia de motor en cada tramo<\/strong><\/li>\r\n<\/ul>\r\n<strong>Compatible con Bluetooth y ANT+<\/strong>.\r\nDise\u00f1ado espec\u00edficamente para motores Bosch Gen 2, 3 y 4 anteriores al Smart System.\r\n\r\nY s\u00ed, si alg\u00fan d\u00eda te pasas al Smart System, estamos trabajando en una versi\u00f3n para ti.\r\n\r\nBulcan no es solo un puente entre tu motor y tu GPS.\r\nEs ese peque\u00f1o gran salto que convierte tu ebike en una m\u00e1quina de precisi\u00f3n.","_et_gb_content_width":""},"product_brand":[],"product_cat":[17],"product_tag":[],"class_list":{"0":"post-119","1":"product","2":"type-product","3":"status-publish","4":"has-post-thumbnail","6":"product_cat-bulcan","8":"first","9":"outofstock","10":"taxable","11":"shipping-taxable","12":"purchasable","13":"product-type-simple"},"yoast_head":"<!-- This site is optimized with the Yoast SEO plugin v27.5 - https:\/\/yoast.com\/product\/yoast-seo-wordpress\/ -->\n<title>Bulcan para Bosch standard MADE IN SPAIN - Bulcan<\/title>\n<meta name=\"robots\" content=\"index, follow, max-snippet:-1, max-image-preview:large, max-video-preview:-1\" \/>\n<link rel=\"canonical\" href=\"https:\/\/bulcan.bike\/en\/product\/bulcan-bosch-standard\/\" \/>\n<meta property=\"og:locale\" content=\"en_GB\" \/>\n<meta property=\"og:type\" content=\"article\" \/>\n<meta property=\"og:title\" content=\"Bulcan para Bosch standard MADE IN SPAIN - Bulcan\" \/>\n<meta property=\"og:description\" content=\"Tu Bosch (Gen 2, 3 o 4) tambi\u00e9n tiene mucho que decir. Conecta tu motor al GPS o smartwatch y recibe todos los datos en tiempo real. F\u00e1cil, r\u00e1pido, sin adivinar.    Repartimos en todo el mundo Hemos ampliado las zonas de env\u00edo. Cont\u00e1ctanos a contact@lab.bike si tienes alguna duda.  &nbsp;\" \/>\n<meta property=\"og:url\" content=\"https:\/\/bulcan.bike\/en\/product\/bulcan-bosch-standard\/\" \/>\n<meta property=\"og:site_name\" content=\"Bulcan\" \/>\n<meta property=\"article:publisher\" content=\"https:\/\/www.facebook.com\/profile.php?id=61565581816241\" \/>\n<meta property=\"article:modified_time\" content=\"2026-03-27T08:53:41+00:00\" \/>\n<meta property=\"og:image\" content=\"https:\/\/bulcan.bike\/wp-content\/uploads\/2025\/01\/bulcan-4-1000.jpg\" \/>\n\t<meta property=\"og:image:width\" content=\"1000\" \/>\n\t<meta property=\"og:image:height\" content=\"1000\" \/>\n\t<meta property=\"og:image:type\" content=\"image\/jpeg\" \/>\n<meta name=\"twitter:card\" content=\"summary_large_image\" \/>\n<meta name=\"twitter:label1\" content=\"Est. reading time\" \/>\n\t<meta name=\"twitter:data1\" content=\"1 minute\" \/>\n<script type=\"application\/ld+json\" class=\"yoast-schema-graph\">{\"@context\":\"https:\\\/\\\/schema.org\",\"@graph\":[{\"@type\":\"WebPage\",\"@id\":\"https:\\\/\\\/bulcan.bike\\\/producto\\\/bulcan-bosch-standard\\\/\",\"url\":\"https:\\\/\\\/bulcan.bike\\\/producto\\\/bulcan-bosch-standard\\\/\",\"name\":\"Bulcan para Bosch standard MADE IN SPAIN - Bulcan\",\"isPartOf\":{\"@id\":\"https:\\\/\\\/bulcan.bike\\\/#website\"},\"primaryImageOfPage\":{\"@id\":\"https:\\\/\\\/bulcan.bike\\\/producto\\\/bulcan-bosch-standard\\\/#primaryimage\"},\"image\":{\"@id\":\"https:\\\/\\\/bulcan.bike\\\/producto\\\/bulcan-bosch-standard\\\/#primaryimage\"},\"thumbnailUrl\":\"https:\\\/\\\/bulcan.bike\\\/wp-content\\\/uploads\\\/2025\\\/01\\\/bulcan-4-1000.jpg\",\"datePublished\":\"2025-01-13T14:53:25+00:00\",\"dateModified\":\"2026-03-27T08:53:41+00:00\",\"breadcrumb\":{\"@id\":\"https:\\\/\\\/bulcan.bike\\\/producto\\\/bulcan-bosch-standard\\\/#breadcrumb\"},\"inLanguage\":\"en-GB\",\"potentialAction\":[{\"@type\":\"ReadAction\",\"target\":[\"https:\\\/\\\/bulcan.bike\\\/producto\\\/bulcan-bosch-standard\\\/\"]}]},{\"@type\":\"ImageObject\",\"inLanguage\":\"en-GB\",\"@id\":\"https:\\\/\\\/bulcan.bike\\\/producto\\\/bulcan-bosch-standard\\\/#primaryimage\",\"url\":\"https:\\\/\\\/bulcan.bike\\\/wp-content\\\/uploads\\\/2025\\\/01\\\/bulcan-4-1000.jpg\",\"contentUrl\":\"https:\\\/\\\/bulcan.bike\\\/wp-content\\\/uploads\\\/2025\\\/01\\\/bulcan-4-1000.jpg\",\"width\":1000,\"height\":1000},{\"@type\":\"BreadcrumbList\",\"@id\":\"https:\\\/\\\/bulcan.bike\\\/producto\\\/bulcan-bosch-standard\\\/#breadcrumb\",\"itemListElement\":[{\"@type\":\"ListItem\",\"position\":1,\"name\":\"Portada\",\"item\":\"https:\\\/\\\/bulcan.bike\\\/\"},{\"@type\":\"ListItem\",\"position\":2,\"name\":\"Tienda\",\"item\":\"https:\\\/\\\/bulcan.bike\\\/tienda\\\/\"},{\"@type\":\"ListItem\",\"position\":3,\"name\":\"Bulcan para Bosch standard MADE IN SPAIN\"}]},{\"@type\":\"WebSite\",\"@id\":\"https:\\\/\\\/bulcan.bike\\\/#website\",\"url\":\"https:\\\/\\\/bulcan.bike\\\/\",\"name\":\"Bulcan\",\"description\":\"Una soluci\u00f3n r\u00e1pida y sencilla para tener todos los datos de tu ebike\",\"publisher\":{\"@id\":\"https:\\\/\\\/bulcan.bike\\\/#organization\"},\"alternateName\":\"Bulcan\",\"potentialAction\":[{\"@type\":\"SearchAction\",\"target\":{\"@type\":\"EntryPoint\",\"urlTemplate\":\"https:\\\/\\\/bulcan.bike\\\/?s={search_term_string}\"},\"query-input\":{\"@type\":\"PropertyValueSpecification\",\"valueRequired\":true,\"valueName\":\"search_term_string\"}}],\"inLanguage\":\"en-GB\"},{\"@type\":\"Organization\",\"@id\":\"https:\\\/\\\/bulcan.bike\\\/#organization\",\"name\":\"Bulcan\",\"url\":\"https:\\\/\\\/bulcan.bike\\\/\",\"logo\":{\"@type\":\"ImageObject\",\"inLanguage\":\"en-GB\",\"@id\":\"https:\\\/\\\/bulcan.bike\\\/#\\\/schema\\\/logo\\\/image\\\/\",\"url\":\"https:\\\/\\\/bulcan.bike\\\/wp-content\\\/uploads\\\/2025\\\/01\\\/logo-bulcano.png\",\"contentUrl\":\"https:\\\/\\\/bulcan.bike\\\/wp-content\\\/uploads\\\/2025\\\/01\\\/logo-bulcano.png\",\"width\":1772,\"height\":472,\"caption\":\"Bulcan\"},\"image\":{\"@id\":\"https:\\\/\\\/bulcan.bike\\\/#\\\/schema\\\/logo\\\/image\\\/\"},\"sameAs\":[\"https:\\\/\\\/www.facebook.com\\\/profile.php?id=61565581816241\"]}]}<\/script>\n<!-- \/ Yoast SEO plugin. -->","yoast_head_json":{"title":"Bulcan para Bosch standard MADE IN SPAIN - Bulcan","robots":{"index":"index","follow":"follow","max-snippet":"max-snippet:-1","max-image-preview":"max-image-preview:large","max-video-preview":"max-video-preview:-1"},"canonical":"https:\/\/bulcan.bike\/en\/product\/bulcan-bosch-standard\/","og_locale":"en_GB","og_type":"article","og_title":"Bulcan para Bosch standard MADE IN SPAIN - Bulcan","og_description":"Tu Bosch (Gen 2, 3 o 4) tambi\u00e9n tiene mucho que decir. Conecta tu motor al GPS o smartwatch y recibe todos los datos en tiempo real. F\u00e1cil, r\u00e1pido, sin adivinar.    Repartimos en todo el mundo Hemos ampliado las zonas de env\u00edo. Cont\u00e1ctanos a contact@lab.bike si tienes alguna duda.  &nbsp;","og_url":"https:\/\/bulcan.bike\/en\/product\/bulcan-bosch-standard\/","og_site_name":"Bulcan","article_publisher":"https:\/\/www.facebook.com\/profile.php?id=61565581816241","article_modified_time":"2026-03-27T08:53:41+00:00","og_image":[{"width":1000,"height":1000,"url":"https:\/\/bulcan.bike\/wp-content\/uploads\/2025\/01\/bulcan-4-1000.jpg","type":"image\/jpeg"}],"twitter_card":"summary_large_image","twitter_misc":{"Est. reading time":"1 minute"},"schema":{"@context":"https:\/\/schema.org","@graph":[{"@type":"WebPage","@id":"https:\/\/bulcan.bike\/producto\/bulcan-bosch-standard\/","url":"https:\/\/bulcan.bike\/producto\/bulcan-bosch-standard\/","name":"Bulcan para Bosch standard MADE IN SPAIN - Bulcan","isPartOf":{"@id":"https:\/\/bulcan.bike\/#website"},"primaryImageOfPage":{"@id":"https:\/\/bulcan.bike\/producto\/bulcan-bosch-standard\/#primaryimage"},"image":{"@id":"https:\/\/bulcan.bike\/producto\/bulcan-bosch-standard\/#primaryimage"},"thumbnailUrl":"https:\/\/bulcan.bike\/wp-content\/uploads\/2025\/01\/bulcan-4-1000.jpg","datePublished":"2025-01-13T14:53:25+00:00","dateModified":"2026-03-27T08:53:41+00:00","breadcrumb":{"@id":"https:\/\/bulcan.bike\/producto\/bulcan-bosch-standard\/#breadcrumb"},"inLanguage":"en-GB","potentialAction":[{"@type":"ReadAction","target":["https:\/\/bulcan.bike\/producto\/bulcan-bosch-standard\/"]}]},{"@type":"ImageObject","inLanguage":"en-GB","@id":"https:\/\/bulcan.bike\/producto\/bulcan-bosch-standard\/#primaryimage","url":"https:\/\/bulcan.bike\/wp-content\/uploads\/2025\/01\/bulcan-4-1000.jpg","contentUrl":"https:\/\/bulcan.bike\/wp-content\/uploads\/2025\/01\/bulcan-4-1000.jpg","width":1000,"height":1000},{"@type":"BreadcrumbList","@id":"https:\/\/bulcan.bike\/producto\/bulcan-bosch-standard\/#breadcrumb","itemListElement":[{"@type":"ListItem","position":1,"name":"Portada","item":"https:\/\/bulcan.bike\/"},{"@type":"ListItem","position":2,"name":"Tienda","item":"https:\/\/bulcan.bike\/tienda\/"},{"@type":"ListItem","position":3,"name":"Bulcan para Bosch standard MADE IN SPAIN"}]},{"@type":"WebSite","@id":"https:\/\/bulcan.bike\/#website","url":"https:\/\/bulcan.bike\/","name":"Bulcan","description":"Una soluci\u00f3n r\u00e1pida y sencilla para tener todos los datos de tu ebike","publisher":{"@id":"https:\/\/bulcan.bike\/#organization"},"alternateName":"Bulcan","potentialAction":[{"@type":"SearchAction","target":{"@type":"EntryPoint","urlTemplate":"https:\/\/bulcan.bike\/?s={search_term_string}"},"query-input":{"@type":"PropertyValueSpecification","valueRequired":true,"valueName":"search_term_string"}}],"inLanguage":"en-GB"},{"@type":"Organization","@id":"https:\/\/bulcan.bike\/#organization","name":"Bulcan","url":"https:\/\/bulcan.bike\/","logo":{"@type":"ImageObject","inLanguage":"en-GB","@id":"https:\/\/bulcan.bike\/#\/schema\/logo\/image\/","url":"https:\/\/bulcan.bike\/wp-content\/uploads\/2025\/01\/logo-bulcano.png","contentUrl":"https:\/\/bulcan.bike\/wp-content\/uploads\/2025\/01\/logo-bulcano.png","width":1772,"height":472,"caption":"Bulcan"},"image":{"@id":"https:\/\/bulcan.bike\/#\/schema\/logo\/image\/"},"sameAs":["https:\/\/www.facebook.com\/profile.php?id=61565581816241"]}]}},"_links":{"self":[{"href":"https:\/\/bulcan.bike\/en\/wp-json\/wp\/v2\/product\/119","targetHints":{"allow":["GET"]}}],"collection":[{"href":"https:\/\/bulcan.bike\/en\/wp-json\/wp\/v2\/product"}],"about":[{"href":"https:\/\/bulcan.bike\/en\/wp-json\/wp\/v2\/types\/product"}],"replies":[{"embeddable":true,"href":"https:\/\/bulcan.bike\/en\/wp-json\/wp\/v2\/comments?post=119"}],"wp:featuredmedia":[{"embeddable":true,"href":"https:\/\/bulcan.bike\/en\/wp-json\/wp\/v2\/media\/396"}],"wp:attachment":[{"href":"https:\/\/bulcan.bike\/en\/wp-json\/wp\/v2\/media?parent=119"}],"wp:term":[{"taxonomy":"product_brand","embeddable":true,"href":"https:\/\/bulcan.bike\/en\/wp-json\/wp\/v2\/product_brand?post=119"},{"taxonomy":"product_cat","embeddable":true,"href":"https:\/\/bulcan.bike\/en\/wp-json\/wp\/v2\/product_cat?post=119"},{"taxonomy":"product_tag","embeddable":true,"href":"https:\/\/bulcan.bike\/en\/wp-json\/wp\/v2\/product_tag?post=119"}],"curies":[{"name":"wp","href":"https:\/\/api.w.org\/{rel}","templated":true}]}}